{"id":23373,"date":"2024-08-28T09:19:22","date_gmt":"2024-08-28T09:19:22","guid":{"rendered":"https:\/\/www.baztan.eus\/?post_type=eventos&#038;p=23373"},"modified":"2024-10-16T07:06:50","modified_gmt":"2024-10-16T07:06:50","slug":"documental-mesa-redonda-sobre-el-papel-invisible-de-la-mujer-en-el-contrabando-entre-baztan-y-baigorri","status":"publish","type":"eventos","link":"https:\/\/www.baztan.eus\/es\/eventos\/documental-mesa-redonda-sobre-el-papel-invisible-de-la-mujer-en-el-contrabando-entre-baztan-y-baigorri\/","title":{"rendered":"Proyecci\u00f3n del documental y mesa redonda con las protagonistas \u00abMUGAKO AHOTSAK. Kontrabandoaren testigantzak\u00bb"},"content":{"rendered":"<p><a href=\"https:\/\/www.baztan.eus\/wp-content\/uploads\/2024\/08\/U15-MUGAKO-AHOTSAK-3-1.jpg\" target=\"_blank\" rel=\"noopener\"><img loading=\"lazy\" decoding=\"async\" class=\"aligncenter wp-image-23522 size-large\" src=\"https:\/\/www.baztan.eus\/wp-content\/uploads\/2024\/08\/U15-MUGAKO-AHOTSAK-3-1-724x1024.jpg\" alt=\"\" width=\"724\" height=\"1024\" srcset=\"https:\/\/www.baztan.eus\/wp-content\/uploads\/2024\/08\/U15-MUGAKO-AHOTSAK-3-1-724x1024.jpg 724w, https:\/\/www.baztan.eus\/wp-content\/uploads\/2024\/08\/U15-MUGAKO-AHOTSAK-3-1-212x300.jpg 212w, https:\/\/www.baztan.eus\/wp-content\/uploads\/2024\/08\/U15-MUGAKO-AHOTSAK-3-1-768x1086.jpg 768w, https:\/\/www.baztan.eus\/wp-content\/uploads\/2024\/08\/U15-MUGAKO-AHOTSAK-3-1-1086x1536.jpg 1086w, https:\/\/www.baztan.eus\/wp-content\/uploads\/2024\/08\/U15-MUGAKO-AHOTSAK-3-1-1448x2048.jpg 1448w, https:\/\/www.baztan.eus\/wp-content\/uploads\/2024\/08\/U15-MUGAKO-AHOTSAK-3-1-81x115.jpg 81w, https:\/\/www.baztan.eus\/wp-content\/uploads\/2024\/08\/U15-MUGAKO-AHOTSAK-3-1.jpg 1587w\" sizes=\"auto, (max-width: 724px) 100vw, 724px\" \/><\/a><\/p>\n<p>El Ayuntamiento de Baztan invita a toda la ciudadan\u00eda a participar en la proyecci\u00f3n del reportaje <strong>\u00ab<em>MUGAKO AHOTSAK. Kontrabandoaren testigantzak<\/em>\u00ab<\/strong>, que se celebrar\u00e1 el pr\u00f3ximo <strong>30 de octubre a las 18:00 horas en Arizkunenea<\/strong>.<\/p>\n<p>Este material audiovisual, elaborado por el Ayuntamiento de Baztan y el Ayuntamiento de Baigorri de la mano de <strong>LABRIT Multimedia<\/strong>, recoge en formato de entrevistas el testimonio de mujeres y hombres que, a lo largo de la historia, han desempe\u00f1ado un papel crucial en el contrabando y, as\u00ed, en el desarrollo econ\u00f3mico y de relaciones de ambos lados de la frontera administrativa que separa ambos municipios. Sin embargo, la contribuci\u00f3n de las mujeres ha permanecido en gran medida oculta, invisibilizada en los relatos oficiales. Esta proyecci\u00f3n busca visibilizar y reivindicar su esfuerzo, valent\u00eda y capacidad para construir puentes entre dos comunidades separadas por una frontera, pero unidas por la convivencia y el compartir diario.<\/p>\n<p>La sesi\u00f3n incluir\u00e1 una <strong>mesa redonda<\/strong> en la que participar\u00e1n <strong>Joxepi Miura<\/strong> y <strong>Mari Karmen Auzki<\/strong>, dos de las protagonistas de las entrevistas, quienes compartir\u00e1n sus experiencias personales. Tambi\u00e9n estar\u00e1 presente <strong>Elixabet Etxandi<\/strong>, quien realiz\u00f3 un trabajo de investigaci\u00f3n de campo sobre el tema, aportando una perspectiva enriquecedora sobre esta realidad. La conversaci\u00f3n ser\u00e1 dinamizada por la periodista <strong>Marijo Garmendia<\/strong>, quien facilitar\u00e1 el di\u00e1logo y la participaci\u00f3n del p\u00fablico.<\/p>\n<p>Este evento tiene como objetivo no solo recordar, sino tambi\u00e9n visibilizar el papel de las mujeres en una actividad que fue fundamental para la supervivencia de muchas familias de ambos lados de la frontera y una fuente importante de ingresos y comercio para los dos valles. El contrabando, m\u00e1s all\u00e1 de ser una necesidad econ\u00f3mica, teji\u00f3 redes de solidaridad entre los pueblos de Baigorri y Baztan, demostrando que, pese a las barreras impuestas, las comunidades han sabido mantenerse unidas.<\/p>\n<p><strong>Invitamos a toda la ciudadan\u00eda a participar en este acto, donde la historia, el euskera, el desarrollo rural, las relaciones entre ellas, la econom\u00eda y la memoria colectiva se entrelazan para reivindicar el papel de las mujeres que nunca dejaron de construir puentes y de estar muy presentes en el desarrollo de sus comunidades y el sostenimiento familiar<\/strong><strong>.<\/strong><\/p>\n<p><strong>Informaci\u00f3n del evento:<\/strong><\/p>\n<ul>\n<li><strong>Fecha:<\/strong> 30 de octubre de 2024, mi\u00e9rcoles<\/li>\n<li><strong>Hora:<\/strong> 18:00 horas<\/li>\n<li><strong>Lugar:<\/strong> Arizkunenea<\/li>\n<\/ul>\n<p>\u00a1An\u00edmate a conocer la historia de tu comunidad!<\/p>\n<p>&nbsp;<\/p>\n<p><em>Este evento forma parte de un proyecto transfronterizo financiado por el Gobierno de Navarra.<\/em><\/p>\n<p><!--more--><\/p>\n<h2>Declaraci\u00f3n institucional:<\/h2>\n<h2><strong><u>15 DE OCTUBRE, D\u00cdA INTERNACIONAL DE LAS MUJERES RURALES:\u00a0<\/u><\/strong><strong><em><u>RURALES Y SIN COMPLEJOS<\/u><\/em><\/strong><\/h2>\n<p><a href=\"https:\/\/www.baztan.eus\/wp-content\/uploads\/2024\/10\/15O_EUS-CAS_A3-jpg-scaled.jpg\" target=\"_blank\" rel=\"noopener\"><img loading=\"lazy\" decoding=\"async\" class=\"wp-image-23491 alignright\" src=\"https:\/\/www.baztan.eus\/wp-content\/uploads\/2024\/10\/15O_EUS-CAS_A3-jpg-740x1024.jpg\" alt=\"\" width=\"455\" height=\"630\" srcset=\"https:\/\/www.baztan.eus\/wp-content\/uploads\/2024\/10\/15O_EUS-CAS_A3-jpg-740x1024.jpg 740w, https:\/\/www.baztan.eus\/wp-content\/uploads\/2024\/10\/15O_EUS-CAS_A3-jpg-217x300.jpg 217w, https:\/\/www.baztan.eus\/wp-content\/uploads\/2024\/10\/15O_EUS-CAS_A3-jpg-768x1063.jpg 768w, https:\/\/www.baztan.eus\/wp-content\/uploads\/2024\/10\/15O_EUS-CAS_A3-jpg-1110x1536.jpg 1110w, https:\/\/www.baztan.eus\/wp-content\/uploads\/2024\/10\/15O_EUS-CAS_A3-jpg-1480x2048.jpg 1480w, https:\/\/www.baztan.eus\/wp-content\/uploads\/2024\/10\/15O_EUS-CAS_A3-jpg-83x115.jpg 83w, https:\/\/www.baztan.eus\/wp-content\/uploads\/2024\/10\/15O_EUS-CAS_A3-jpg-scaled.jpg 1850w\" sizes=\"auto, (max-width: 455px) 100vw, 455px\" \/><\/a><\/p>\n<p>Un a\u00f1o m\u00e1s, las Entidades Locales y Territoriales de Navarra con personal t\u00e9cnico de Igualdad nos sumamos a la celebraci\u00f3n del <strong><u>D\u00eda Internacional de las Mujeres Rurales<\/u><\/strong>, bajo el lema <strong>\u201c<em>Rurales y sin complejos \/ Landa eremukoak konplexurik gabe<\/em>\u201d <\/strong>para reconocer la contribuci\u00f3n decisiva de las mujeres en el desarrollo rural.<\/p>\n<p>Esta fecha reivindica y conmemora la lucha de las mujeres en el medio rural por alcanzar la igualdad en la sociedad y con ella, se pretende rendir un merecido homenaje a las mujeres rurales reconociendo su papel estrat\u00e9gico en el desarrollo econ\u00f3mico, social y sostenible y en la fijaci\u00f3n de la poblaci\u00f3n en los municipios rurales.<\/p>\n<p>Ellas son agricultoras o ganaderas, tambi\u00e9n empresarias, emprendedoras, artistas, deportistas, cuidadoras, pol\u00edticas\u2026 Esta diversidad refleja el papel multifac\u00e9tico y vital que desempe\u00f1an en el desarrollo de sus comunidades. Por ejemplo, la participaci\u00f3n pol\u00edtica de las mujeres representa un 32% de las alcald\u00edas y presidencias de concejos, un 7,5%, m\u00e1s que la media estatal. Adem\u00e1s, las mujeres navarras lideran el emprendimiento rural: dos de<a href=\"https:\/\/www.noticiasdenavarra.com\/economia\/2023\/10\/19\/mujeres-lideran-emprendimiento-rural-navarra-7403488.html\"> cada tres emprendedoras rurales en Navarra son mujeres<\/a>.<\/p>\n<p>Por \u00faltimo, datos recientes indican que casi el doble de mujeres tiene m\u00e1s titulaciones superiores que los hombres, presentando una tasa de 52,7% con estudios universitarios, mientras que los hombres suponen un 45,3%.<\/p>\n<p>En este contexto, se est\u00e1 desarrollando el borrador de <u>Ley Foral de Desarrollo Rural<\/u> que contempla la incorporaci\u00f3n del <u>Estatuto de las Mujeres Rurales<\/u>, como un aspecto fundamental para reconocer y fortalecer el papel de las mujeres en el medio rural navarro.<\/p>\n<p>Esta normativa supone una oportunidad y una garant\u00eda para promover la igualdad de trato y oportunidades, con incentivos que favorezcan la presencia de mujeres en todos los sectores, potenciar el talento y la capacidad de innovaci\u00f3n de las mujeres rurales, mejorar la capacitaci\u00f3n y la formaci\u00f3n feminista en los territorios. Asimismo, resulta clave para acabar con las violencias simb\u00f3licas, entretejidas en el discurso, en las ideas y las representaciones inadecuadas de las mujeres rurales donde se las asocia con los roles tradicionalmente asignados.<\/p>\n<p>Por todo ello, las Entidades Locales y Territoriales de Navarra conmemoramos un a\u00f1o m\u00e1s este 15 de octubre, con el compromiso firme de trabajar pol\u00edticas p\u00fablicas de igualdad activas, transversales e interseccionales. Es fundamental situar a las mujeres rurales en una posici\u00f3n de igualdad real, considerando la diversidad y las circunstancias espec\u00edficas a la hora de desarrollarse personal y profesionalmente para mejorar sus condiciones de vida.<\/p>\n<p><!--more--><\/p>\n<h2>VER EL VIDEO AQU\u00cd:<\/h2>\n<div style=\"width: 720px;\" class=\"wp-video\"><!--[if lt IE 9]><script>document.createElement('video');<\/script><![endif]-->\n<video class=\"wp-video-shortcode\" id=\"video-23373-1\" width=\"720\" height=\"1520\" poster=\"https:\/\/www.baztan.eus\/wp-content\/uploads\/2024\/10\/15O_EUSKERA_A3-jpg-scaled.jpg\" loop preload=\"metadata\" controls=\"controls\"><source type=\"video\/mp4\" src=\"https:\/\/www.baztan.eus\/wp-content\/uploads\/2024\/10\/VIDEO_SOMOS_RURALES_RRSS-vertical.mp4?_=1\" \/><a href=\"https:\/\/www.baztan.eus\/wp-content\/uploads\/2024\/10\/VIDEO_SOMOS_RURALES_RRSS-vertical.mp4\">https:\/\/www.baztan.eus\/wp-content\/uploads\/2024\/10\/VIDEO_SOMOS_RURALES_RRSS-vertical.mp4<\/a><\/video><\/div>\n<h2><\/h2>\n","protected":false},"featured_media":23492,"template":"","meta":{"_wpml_word_count":["{\"total\":847,\"to_translate\":{\"eu\":847}}"],"_edit_lock":["1729062282:3"],"_edit_last":["3"],"_thumbnail_id":["23492"],"event_ext":["El Ayuntamiento de Baztan invita a toda la ciudadan\u00eda a participar en la proyecci\u00f3n del reportaje "],"event_location":["15956"],"imagenslia":[""],"event_horario":["18:00"],"event_horario_inicio":["18:00"],"event_horario_fin":["20:00"],"fechas":[""],"importe":[""],"inscripcion":[""],"botonve":[""],"botonveu":[""],"ponente":[""],"autor_o":[""],"nota":[""],"boton1":[""],"boton1u":[""],"barra":["general"],"mostrar_barra":["1"],"dias":[";30-10-2024;"],"event_date":["1730246400"],"event_date1":["1730246400"],"_exactmetrics_sitenote_active":["0"]},"class_list":["post-23373","eventos","type-eventos","status-publish","has-post-thumbnail","hentry","categoriaeventos-artea-es","categoriaeventos-berdintasuna","categoriaeventos-erakusketa-es","categoriaeventos-euskara-es","categoriaeventos-exposicion"],"_links":{"self":[{"href":"https:\/\/www.baztan.eus\/es\/wp-json\/wp\/v2\/eventos\/23373","targetHints":{"allow":["GET"]}}],"collection":[{"href":"https:\/\/www.baztan.eus\/es\/wp-json\/wp\/v2\/eventos"}],"about":[{"href":"https:\/\/www.baztan.eus\/es\/wp-json\/wp\/v2\/types\/eventos"}],"wp:featuredmedia":[{"embeddable":true,"href":"https:\/\/www.baztan.eus\/es\/wp-json\/wp\/v2\/media\/23492"}],"wp:attachment":[{"href":"https:\/\/www.baztan.eus\/es\/wp-json\/wp\/v2\/media?parent=23373"}],"curies":[{"name":"wp","href":"https:\/\/api.w.org\/{rel}","templated":true}]}}