{"id":13410,"date":"2014-03-07T12:35:15","date_gmt":"2014-03-07T11:35:15","guid":{"rendered":"http:\/\/w2.baztan.eus\/igualdad\/"},"modified":"2025-09-26T10:28:34","modified_gmt":"2025-09-26T10:28:34","slug":"igualdad","status":"publish","type":"page","link":"https:\/\/www.baztan.eus\/es\/servicios\/igualdad\/","title":{"rendered":"Igualdad"},"content":{"rendered":"<p><img loading=\"lazy\" decoding=\"async\" class=\"alignnone wp-image-8638 size-full\" src=\"http:\/\/www.baztan.eus\/wp-content\/uploads\/2018\/06\/Berdintasun-zerbitzua.png\" alt=\"\" width=\"3586\" height=\"1080\" srcset=\"https:\/\/www.baztan.eus\/wp-content\/uploads\/2018\/06\/Berdintasun-zerbitzua.png 3586w, https:\/\/www.baztan.eus\/wp-content\/uploads\/2018\/06\/Berdintasun-zerbitzua-300x90.png 300w, https:\/\/www.baztan.eus\/wp-content\/uploads\/2018\/06\/Berdintasun-zerbitzua-768x231.png 768w, https:\/\/www.baztan.eus\/wp-content\/uploads\/2018\/06\/Berdintasun-zerbitzua-1024x308.png 1024w\" sizes=\"auto, (max-width: 3586px) 100vw, 3586px\" \/><\/p>\n<p>&nbsp;<\/p>\n<p><strong>Helbidea \/\/ <em>Direcci\u00f3n<\/em><\/strong>: Plaza de los Fueros, 1\u00bapiso &#8211; 31700 Elizondo (NAFARROA)<\/p>\n<p><strong>Telefonoa \/\/ <em>Tel\u00e9fono<\/em><\/strong>: 948 58 00 06 &#8211; 613 003634<\/p>\n<p><strong>E-posta \/\/ <em>Email<\/em>: <\/strong><a href=\"mailto:\/\/berdintasuna@baztan.eus\" target=\"_blank\" rel=\"noopener noreferrer\">berdintasuna@baztan.eus<\/a><\/p>\n<p><strong><span style=\"color: #808000;\">GIDA-DOKUMENTUAK \/\/ DOCUMENTOS MARCO<\/span><\/strong><\/p>\n<hr \/>\n<ul>\n<li>\n<h2><strong><a href=\"http:\/\/www.baztan.eus\/es\/servicios\/igualdad\/erasoen-aitzinean-zer-egin\/\" target=\"_blank\" rel=\"noopener\"><span style=\"color: #800080;\">QU\u00c9 HACER ANTE UNA AGRESI\u00d3N\u00a0<\/span><\/a><\/strong><\/h2>\n<ul>\n<li><a href=\"http:\/\/www.baztan.eus\/es\/servicios\/igualdad\/erasoen-aitzinean-zer-egin\/\" target=\"_blank\" rel=\"noopener\"><span style=\"color: #800080;\"><strong>Materiales<\/strong><\/span><\/a><\/li>\n<li><a href=\"http:\/\/www.baztan.eus\/es\/servicios\/igualdad\/erasoen-aitzinean-zer-egin\/\" target=\"_blank\" rel=\"noopener\"><span style=\"color: #800080;\"><strong>Criterios de atenci\u00f3n<\/strong><\/span><\/a><\/li>\n<li><a href=\"http:\/\/www.baztan.eus\/es\/servicios\/igualdad\/erasoen-aitzinean-zer-egin\/\" target=\"_blank\" rel=\"noopener\"><span style=\"color: #800080;\"><strong>Servicios y recursos<\/strong><\/span><\/a><\/li>\n<\/ul>\n<\/li>\n<\/ul>\n<p>&nbsp;<\/p>\n<ul>\n<li>Irakurri hemen 2022an\u00a0<em>EMAGIN Elkarteak egindako\u00a0<a class=\"mtli_attachment mtli_pdf mtli_attachment mtli_pdf\" href=\"https:\/\/www.baztan.eus\/wp-content\/uploads\/2024\/04\/Diagnostikoa_laburpen-artikulua_DEF.pdf\" target=\"_blank\" rel=\"noopener\">Baztango Indarkeria Matxisten diagnosia.\u00a0<\/a>\u00a0\/\/ Lee aqu\u00ed el<\/em><br \/>\n<h2><a href=\"https:\/\/www.baztan.eus\/wp-content\/uploads\/2024\/04\/Diagnostikoa_laburpen-artikulua_DEF.pdf\" class=\"mtli_attachment mtli_pdf\" target=\"_blank\" rel=\"noopener\">Diagn\u00f3stico sobre las Violencias Machistas de Baztan<\/a>\u00a0realizado por EMAGIN Elkartea (en euskera).<\/h2>\n<\/li>\n<\/ul>\n<hr \/>\n<ul>\n<li>\n<h2><a href=\"https:\/\/www.baztan.eus\/wp-content\/uploads\/2024\/05\/II-PLANA-txostena-CAS-azkena.pdf\" class=\"mtli_attachment mtli_pdf\" target=\"_blank\" rel=\"noopener\">II Plan para la Igualdad de Mujeres* y Hombres* de Baztan (2022-2026)<\/a><\/h2>\n<\/li>\n<\/ul>\n<p><a href=\"https:\/\/www.baztan.eus\/wp-content\/uploads\/2024\/05\/II-PLANA-txostena-CAS-azkena.pdf\" class=\"mtli_attachment mtli_pdf\" target=\"_blank\" rel=\"noopener\"><img loading=\"lazy\" decoding=\"async\" class=\"aligncenter wp-image-22942 size-medium\" src=\"https:\/\/www.baztan.eus\/wp-content\/uploads\/2024\/05\/CAS-portada-300x212.jpg\" alt=\"\" width=\"300\" height=\"212\" srcset=\"https:\/\/www.baztan.eus\/wp-content\/uploads\/2024\/05\/CAS-portada-300x212.jpg 300w, https:\/\/www.baztan.eus\/wp-content\/uploads\/2024\/05\/CAS-portada-1024x722.jpg 1024w, https:\/\/www.baztan.eus\/wp-content\/uploads\/2024\/05\/CAS-portada-768x541.jpg 768w, https:\/\/www.baztan.eus\/wp-content\/uploads\/2024\/05\/CAS-portada-163x115.jpg 163w, https:\/\/www.baztan.eus\/wp-content\/uploads\/2024\/05\/CAS-portada.jpg 1241w\" sizes=\"auto, (max-width: 300px) 100vw, 300px\" \/><\/a><\/p>\n<p style=\"text-align: center;\"><a href=\"https:\/\/www.baztan.eus\/wp-content\/uploads\/2024\/05\/BAZTAN-II.PLANA-eskuorria-azkena-2.pdf\" class=\"mtli_attachment mtli_pdf\">BAZTAN II.PLAN-folleto informativo resumen<\/a><\/p>\n<p style=\"text-align: center;\"><a href=\"https:\/\/www.baztan.eus\/wp-content\/uploads\/2024\/05\/Prentsa-oharra-II.-BP-onartuta.pdf\" class=\"mtli_attachment mtli_pdf\">Nota de prensa_II. plan aprobado en Pleno Municipal<\/a><\/p>\n<ul>\n<li>\n<h2><a href=\"https:\/\/www.baztan.eus\/wp-content\/uploads\/2024\/05\/ELEB_Baztango-Udaleko-I-Barne-Berdintasun-Plana.pdf\" class=\"mtli_attachment mtli_pdf\" target=\"_blank\" rel=\"noopener\">I. Plan Interno de Igualdad del Ayuntamiento de Baztan<\/a><\/h2>\n<\/li>\n<\/ul>\n<p><a href=\"https:\/\/www.baztan.eus\/wp-content\/uploads\/2024\/05\/ELEB_Baztango-Udaleko-I-Barne-Berdintasun-Plana.pdf\" class=\"mtli_attachment mtli_pdf\" target=\"_blank\" rel=\"noopener\"><img loading=\"lazy\" decoding=\"async\" class=\"aligncenter wp-image-22927 size-medium\" src=\"https:\/\/www.baztan.eus\/wp-content\/uploads\/2024\/05\/CAS-Portada_Baztango-Udaleko-I-Barne-Berdintasun-Plana--212x300.jpg\" alt=\"\" width=\"212\" height=\"300\" srcset=\"https:\/\/www.baztan.eus\/wp-content\/uploads\/2024\/05\/CAS-Portada_Baztango-Udaleko-I-Barne-Berdintasun-Plana--212x300.jpg 212w, https:\/\/www.baztan.eus\/wp-content\/uploads\/2024\/05\/CAS-Portada_Baztango-Udaleko-I-Barne-Berdintasun-Plana--724x1024.jpg 724w, https:\/\/www.baztan.eus\/wp-content\/uploads\/2024\/05\/CAS-Portada_Baztango-Udaleko-I-Barne-Berdintasun-Plana--768x1086.jpg 768w, https:\/\/www.baztan.eus\/wp-content\/uploads\/2024\/05\/CAS-Portada_Baztango-Udaleko-I-Barne-Berdintasun-Plana--1086x1536.jpg 1086w, https:\/\/www.baztan.eus\/wp-content\/uploads\/2024\/05\/CAS-Portada_Baztango-Udaleko-I-Barne-Berdintasun-Plana--81x115.jpg 81w, https:\/\/www.baztan.eus\/wp-content\/uploads\/2024\/05\/CAS-Portada_Baztango-Udaleko-I-Barne-Berdintasun-Plana-.jpg 1241w\" sizes=\"auto, (max-width: 212px) 100vw, 212px\" \/><\/a><\/p>\n<ul>\n<li>\n<h2><a href=\"https:\/\/www.baztan.eus\/wp-content\/uploads\/2024\/05\/baztan-protokoloa-ESP-anexo-gabe.pdf\" class=\"mtli_attachment mtli_pdf\" target=\"_blank\" rel=\"noopener\">I. PROTOCOLO LOCAL DE COORDINACI\u00d3N de la Actuaci\u00f3n ante la Violencia Contra las Mujeres en Baztan<\/a><\/h2>\n<\/li>\n<\/ul>\n<p style=\"text-align: center;\"><a href=\"https:\/\/www.baztan.eus\/wp-content\/uploads\/2024\/05\/baztan-protokoloa-ESP-anexo-gabe.pdf\" class=\"mtli_attachment mtli_pdf\" target=\"_blank\" rel=\"noopener\"><img loading=\"lazy\" decoding=\"async\" class=\"alignnone wp-image-22945 size-medium\" src=\"https:\/\/www.baztan.eus\/wp-content\/uploads\/2024\/05\/PORTADA-cas-arreta-prot_jpg-300x212.jpg\" alt=\"\" width=\"300\" height=\"212\" srcset=\"https:\/\/www.baztan.eus\/wp-content\/uploads\/2024\/05\/PORTADA-cas-arreta-prot_jpg-300x212.jpg 300w, https:\/\/www.baztan.eus\/wp-content\/uploads\/2024\/05\/PORTADA-cas-arreta-prot_jpg-1024x725.jpg 1024w, https:\/\/www.baztan.eus\/wp-content\/uploads\/2024\/05\/PORTADA-cas-arreta-prot_jpg-768x543.jpg 768w, https:\/\/www.baztan.eus\/wp-content\/uploads\/2024\/05\/PORTADA-cas-arreta-prot_jpg-1536x1087.jpg 1536w, https:\/\/www.baztan.eus\/wp-content\/uploads\/2024\/05\/PORTADA-cas-arreta-prot_jpg-163x115.jpg 163w, https:\/\/www.baztan.eus\/wp-content\/uploads\/2024\/05\/PORTADA-cas-arreta-prot_jpg.jpg 1754w\" sizes=\"auto, (max-width: 300px) 100vw, 300px\" \/><\/a><\/p>\n<p style=\"text-align: center;\"><a href=\"https:\/\/www.baztan.eus\/wp-content\/uploads\/2024\/05\/P.O_indarkeria-protokoloa-sinatu-da.pdf\" class=\"mtli_attachment mtli_pdf\">Nota de prensa-firma del protocolo<\/a><\/p>\n<p style=\"text-align: center;\"><a href=\"https:\/\/www.baztan.eus\/wp-content\/uploads\/2024\/05\/ESKUORRIA_def-WEB-logoekin-1.pdf\" class=\"mtli_attachment mtli_pdf\" target=\"_blank\" rel=\"noopener\"><img loading=\"lazy\" decoding=\"async\" class=\"alignnone wp-image-22946 size-medium\" src=\"https:\/\/www.baztan.eus\/wp-content\/uploads\/2024\/05\/ESKUORRIA_def-WEB-CAS-1-212x300.jpg\" alt=\"\" width=\"212\" height=\"300\" srcset=\"https:\/\/www.baztan.eus\/wp-content\/uploads\/2024\/05\/ESKUORRIA_def-WEB-CAS-1-212x300.jpg 212w, https:\/\/www.baztan.eus\/wp-content\/uploads\/2024\/05\/ESKUORRIA_def-WEB-CAS-1-724x1024.jpg 724w, https:\/\/www.baztan.eus\/wp-content\/uploads\/2024\/05\/ESKUORRIA_def-WEB-CAS-1-768x1087.jpg 768w, https:\/\/www.baztan.eus\/wp-content\/uploads\/2024\/05\/ESKUORRIA_def-WEB-CAS-1-81x115.jpg 81w, https:\/\/www.baztan.eus\/wp-content\/uploads\/2024\/05\/ESKUORRIA_def-WEB-CAS-1.jpg 877w\" sizes=\"auto, (max-width: 212px) 100vw, 212px\" \/><\/a><\/p>\n<p style=\"text-align: center;\"><a href=\"https:\/\/www.baztan.eus\/wp-content\/uploads\/2024\/08\/AZKEN-BERTSIOA_CAS_protokoloa_2024_A5_2.Ed_.pdf\" class=\"mtli_attachment mtli_pdf\" target=\"_blank\" rel=\"noopener\">FOLLETO RESUMEN DEL PROTOCOLO<\/a><\/p>\n<ul>\n<li>Indarkeria sexistaren aurkako kartel orokorra \/\/ <span style=\"text-decoration: underline;\"><strong>Cartel general contra la violencia sexista<\/strong><\/span> <img loading=\"lazy\" decoding=\"async\" class=\"size-medium wp-image-13253 aligncenter\" src=\"http:\/\/www.baztan.eus\/wp-content\/uploads\/2021\/07\/KARTEL-orokorra-Baztango-Udala-212x300.jpg\" alt=\"\" width=\"212\" height=\"300\" \/><\/li>\n<\/ul>\n<p>&nbsp;<\/p>\n<ul>\n<li>Eraso edo jarrera sexistak bestetan, atentzio telefonoak eta baliabideak adierazten dituen kartela \/\/<strong><span style=\"text-decoration: underline;\"> Cartel de tel\u00e9fonos de atenci\u00f3n y recursos para todas las agresiones y actitudes sexistas en las fiestas<\/span><\/strong><\/li>\n<\/ul>\n<p style=\"padding-left: 30px;\">(<a href=\"http:\/\/www.baztan.eus\/wp-content\/uploads\/2022\/06\/BESTAK-INDARKERIA-KARTELA-zuzenduta.pdf\" class=\"mtli_attachment mtli_pdf\">BESTAK-INDARKERIA-KARTELA<\/a>)<\/p>\n<p style=\"text-align: center;\"><img loading=\"lazy\" decoding=\"async\" class=\"alignnone size-medium wp-image-18289\" src=\"http:\/\/www.baztan.eus\/wp-content\/uploads\/2022\/06\/BESTAK-INDARKERIA-KARTELA-zuzenduta-300x212.jpg\" alt=\"\" width=\"300\" height=\"212\" srcset=\"https:\/\/www.baztan.eus\/wp-content\/uploads\/2022\/06\/BESTAK-INDARKERIA-KARTELA-zuzenduta-300x212.jpg 300w, https:\/\/www.baztan.eus\/wp-content\/uploads\/2022\/06\/BESTAK-INDARKERIA-KARTELA-zuzenduta-1024x725.jpg 1024w, https:\/\/www.baztan.eus\/wp-content\/uploads\/2022\/06\/BESTAK-INDARKERIA-KARTELA-zuzenduta-768x543.jpg 768w, https:\/\/www.baztan.eus\/wp-content\/uploads\/2022\/06\/BESTAK-INDARKERIA-KARTELA-zuzenduta-1536x1087.jpg 1536w, https:\/\/www.baztan.eus\/wp-content\/uploads\/2022\/06\/BESTAK-INDARKERIA-KARTELA-zuzenduta-163x115.jpg 163w, https:\/\/www.baztan.eus\/wp-content\/uploads\/2022\/06\/BESTAK-INDARKERIA-KARTELA-zuzenduta.jpg 1754w\" sizes=\"auto, (max-width: 300px) 100vw, 300px\" \/><\/p>\n<ul>\n<li>Sexismorik gabeko musika entzuteko aholku eta baliabideak \/\/ <strong><span style=\"text-decoration: underline;\">Consejos y recursos para escuchar m\u00fasica no sexista<\/span><\/strong><\/li>\n<\/ul>\n<p style=\"padding-left: 30px;\">(<a class=\"mtli_attachment mtli_pdf mtli_attachment mtli_pdf\" href=\"http:\/\/www.baztan.eus\/wp-content\/uploads\/2021\/09\/sexismorik-gabeko-musika_ez-bestak-2021.pdf\">sexismorik gabeko musika_ez-bestak 2021<\/a>)<\/p>\n<p><strong style=\"color: #808000; text-decoration-line: underline;\">EFEMERIDEAK \/\/ <em>EFEM\u00c9RIDES<\/em><\/strong><\/p>\n<ul>\n<li>Otsailak 11, Emakume eta Neska Zientzialarien Nazioarteko Eguna \/\/\u00a0<strong><em>11 de febrero, D\u00eda Internacional de la Ni\u00f1a y la Mujer en la Ciencia<\/em><\/strong><\/li>\n<li><a href=\"http:\/\/www.baztan.eus\/zerbitzuak\/berdintasuna\/sentsibilizazio-kanpainak\/\">Martxoak 8, Emakumeen Nazioarteko Eguna<\/a> \/\/ <em>8 de marzo, D\u00eda Internacional de las Mujeres<\/em><\/li>\n<\/ul>\n<p><a href=\"https:\/\/labur.eus\/PvbTh\"><img loading=\"lazy\" decoding=\"async\" class=\"aligncenter wp-image-22442 size-medium\" src=\"https:\/\/www.baztan.eus\/wp-content\/uploads\/2024\/02\/8M_RRSS_eus_cas-300x300.jpg\" alt=\"\" width=\"300\" height=\"300\" \/><\/a><\/p>\n<ul>\n<li>Martxoak 31, Trans Ikusgarritasunaren Nazioarteko Eguna \/\/ <strong><em>31 de marzo, D\u00eda Internacional de la Visibilidad Trans<\/em><\/strong><\/li>\n<\/ul>\n<p style=\"text-align: center;\">2022 <img loading=\"lazy\" decoding=\"async\" class=\"size-medium wp-image-18300 aligncenter\" src=\"http:\/\/www.baztan.eus\/wp-content\/uploads\/2022\/06\/TRANS-IKUSGARRITASUN-EGUNA-2022-irudia-300x189.png\" alt=\"\" width=\"300\" height=\"189\" srcset=\"https:\/\/www.baztan.eus\/wp-content\/uploads\/2022\/06\/TRANS-IKUSGARRITASUN-EGUNA-2022-irudia-300x189.png 300w, https:\/\/www.baztan.eus\/wp-content\/uploads\/2022\/06\/TRANS-IKUSGARRITASUN-EGUNA-2022-irudia-1024x644.png 1024w, https:\/\/www.baztan.eus\/wp-content\/uploads\/2022\/06\/TRANS-IKUSGARRITASUN-EGUNA-2022-irudia-768x483.png 768w, https:\/\/www.baztan.eus\/wp-content\/uploads\/2022\/06\/TRANS-IKUSGARRITASUN-EGUNA-2022-irudia-183x115.png 183w, https:\/\/www.baztan.eus\/wp-content\/uploads\/2022\/06\/TRANS-IKUSGARRITASUN-EGUNA-2022-irudia.png 1145w\" sizes=\"auto, (max-width: 300px) 100vw, 300px\" \/><\/p>\n<ul>\n<li>Apirilak 26, Ikusgarritasun Lesbikoaren Eguna \/\/<em><strong> 26 de abril, D\u00eda de la Visibilidad L\u00e9sbica<\/strong>\u00a0<\/em><\/li>\n<\/ul>\n<div style=\"width: 304px;\" class=\"wp-video\"><!--[if lt IE 9]><script>document.createElement('video');<\/script><![endif]-->\n<video class=\"wp-video-shortcode\" id=\"video-13410-1\" width=\"304\" height=\"592\" loop autoplay preload=\"metadata\" controls=\"controls\"><source type=\"video\/mp4\" src=\"http:\/\/www.baztan.eus\/wp-content\/uploads\/2023\/04\/A26_banerra.mp4?_=1\" \/><a href=\"http:\/\/www.baztan.eus\/wp-content\/uploads\/2023\/04\/A26_banerra.mp4\">http:\/\/www.baztan.eus\/wp-content\/uploads\/2023\/04\/A26_banerra.mp4<\/a><\/video><\/div>\n<ul>\n<li>Maiatzak 17, LGTBIQ+fobiaren Nazioarteko Eguna \/\/ <strong><em>17 de mayo, D\u00eda Internacional contra la LGTBIQ+fobia<\/em><\/strong><\/li>\n<\/ul>\n<p style=\"padding-left: 40px;\"><a href=\"https:\/\/www.baztan.eus\/wp-content\/uploads\/2024\/05\/TRANSFBOBIAREN-KONTRAKO-EGUNA-2024.png\" target=\"_blank\" rel=\"noopener\"><img loading=\"lazy\" decoding=\"async\" class=\"aligncenter wp-image-22819 size-large\" src=\"https:\/\/www.baztan.eus\/wp-content\/uploads\/2024\/05\/TRANSFBOBIAREN-KONTRAKO-EGUNA-2024-1024x423.png\" alt=\"\" width=\"1024\" height=\"423\" srcset=\"https:\/\/www.baztan.eus\/wp-content\/uploads\/2024\/05\/TRANSFBOBIAREN-KONTRAKO-EGUNA-2024-1024x423.png 1024w, https:\/\/www.baztan.eus\/wp-content\/uploads\/2024\/05\/TRANSFBOBIAREN-KONTRAKO-EGUNA-2024-300x124.png 300w, https:\/\/www.baztan.eus\/wp-content\/uploads\/2024\/05\/TRANSFBOBIAREN-KONTRAKO-EGUNA-2024-768x317.png 768w, https:\/\/www.baztan.eus\/wp-content\/uploads\/2024\/05\/TRANSFBOBIAREN-KONTRAKO-EGUNA-2024-1536x635.png 1536w, https:\/\/www.baztan.eus\/wp-content\/uploads\/2024\/05\/TRANSFBOBIAREN-KONTRAKO-EGUNA-2024-2048x847.png 2048w, https:\/\/www.baztan.eus\/wp-content\/uploads\/2024\/05\/TRANSFBOBIAREN-KONTRAKO-EGUNA-2024-255x105.png 255w\" sizes=\"auto, (max-width: 1024px) 100vw, 1024px\" \/><\/a><\/p>\n<p>&nbsp;<\/p>\n<p><a href=\"https:\/\/www.baztan.eus\/wp-content\/uploads\/2024\/05\/17M-Instagram_leloa-2.jpg\" target=\"_blank\" rel=\"noopener\"><img loading=\"lazy\" decoding=\"async\" class=\"aligncenter wp-image-22825 size-medium\" src=\"https:\/\/www.baztan.eus\/wp-content\/uploads\/2024\/05\/17M-Instagram_leloa-2-300x300.jpg\" alt=\"\" width=\"300\" height=\"300\" srcset=\"https:\/\/www.baztan.eus\/wp-content\/uploads\/2024\/05\/17M-Instagram_leloa-2-300x300.jpg 300w, https:\/\/www.baztan.eus\/wp-content\/uploads\/2024\/05\/17M-Instagram_leloa-2-1024x1024.jpg 1024w, https:\/\/www.baztan.eus\/wp-content\/uploads\/2024\/05\/17M-Instagram_leloa-2-150x150.jpg 150w, https:\/\/www.baztan.eus\/wp-content\/uploads\/2024\/05\/17M-Instagram_leloa-2-768x768.jpg 768w, https:\/\/www.baztan.eus\/wp-content\/uploads\/2024\/05\/17M-Instagram_leloa-2-115x115.jpg 115w, https:\/\/www.baztan.eus\/wp-content\/uploads\/2024\/05\/17M-Instagram_leloa-2-350x350.jpg 350w, https:\/\/www.baztan.eus\/wp-content\/uploads\/2024\/05\/17M-Instagram_leloa-2-450x450.jpg 450w, https:\/\/www.baztan.eus\/wp-content\/uploads\/2024\/05\/17M-Instagram_leloa-2.jpg 1080w\" sizes=\"auto, (max-width: 300px) 100vw, 300px\" \/><\/a><\/p>\n<ul>\n<li>Ekainak 28, LGTBIQ+ Harrotasunaren Nazioarteko Eguna \/\/ <strong><em>28 de junio, D\u00eda Internacional del Orgullo LGTBIQ+<\/em><\/strong><\/li>\n<\/ul>\n<p style=\"text-align: center;\"><img loading=\"lazy\" decoding=\"async\" class=\"alignnone size-full wp-image-18438\" src=\"http:\/\/www.baztan.eus\/wp-content\/uploads\/2022\/07\/Baztango-Udala_Berdintasuna_Ekainak-28_2022_300x250.gif\" alt=\"\" width=\"300\" height=\"250\" \/><\/p>\n<ul>\n<li><a href=\"https:\/\/www.baztan.eus\/wp-content\/uploads\/2025\/09\/U15_2025-Adierazpen-instituzionala-eleb.pdf\" class=\"mtli_attachment mtli_pdf\" target=\"_blank\" rel=\"noopener\">Urriak 15, Landa Eremuko Emakumeen Nazioarteko Eguna<\/a> \/\/ <strong><em>15 de octubre, D\u00eda Internacional de las Mujeres Rurales<\/em><\/strong><\/li>\n<\/ul>\n<p><a href=\"https:\/\/www.baztan.eus\/wp-content\/uploads\/2025\/09\/Kartel-OROKORRA_eleb_JPG-scaled-e1758882117280.jpg\" target=\"_blank\" rel=\"noopener\"><img loading=\"lazy\" decoding=\"async\" class=\"aligncenter wp-image-25619 size-medium\" src=\"https:\/\/www.baztan.eus\/wp-content\/uploads\/2025\/09\/Kartel-OROKORRA_eleb_JPG-scaled-e1758882117280-213x300.jpg\" alt=\"\" width=\"213\" height=\"300\" srcset=\"https:\/\/www.baztan.eus\/wp-content\/uploads\/2025\/09\/Kartel-OROKORRA_eleb_JPG-scaled-e1758882117280-213x300.jpg 213w, https:\/\/www.baztan.eus\/wp-content\/uploads\/2025\/09\/Kartel-OROKORRA_eleb_JPG-scaled-e1758882117280-729x1024.jpg 729w, https:\/\/www.baztan.eus\/wp-content\/uploads\/2025\/09\/Kartel-OROKORRA_eleb_JPG-scaled-e1758882117280-768x1079.jpg 768w, https:\/\/www.baztan.eus\/wp-content\/uploads\/2025\/09\/Kartel-OROKORRA_eleb_JPG-scaled-e1758882117280-1093x1536.jpg 1093w, https:\/\/www.baztan.eus\/wp-content\/uploads\/2025\/09\/Kartel-OROKORRA_eleb_JPG-scaled-e1758882117280-1457x2048.jpg 1457w, https:\/\/www.baztan.eus\/wp-content\/uploads\/2025\/09\/Kartel-OROKORRA_eleb_JPG-scaled-e1758882117280-82x115.jpg 82w, https:\/\/www.baztan.eus\/wp-content\/uploads\/2025\/09\/Kartel-OROKORRA_eleb_JPG-scaled-e1758882117280.jpg 1740w\" sizes=\"auto, (max-width: 213px) 100vw, 213px\" \/><\/a><\/p>\n<ul>\n<li><a href=\"http:\/\/www.baztan.eus\/zerbitzuak\/berdintasuna\/sentsibilizazio-kanpainak\/\">Azaroak 25, Indarkeria Matxistaren Aurkako Nazioarteko eguna<\/a> \/\/ <strong><em>25 de noviembre, D\u00eda Internacional para la Eliminaci\u00f3n de la Violencia contra las Mujeres\u00a0<\/em><\/strong><\/li>\n<\/ul>\n<p><a href=\"https:\/\/www.baztan.eus\/wp-content\/uploads\/2024\/11\/Cartel-general-Campana-25N2024-EUS-CAST-jpg-scaled.jpg\" target=\"_blank\" rel=\"noopener\"><img loading=\"lazy\" decoding=\"async\" class=\"aligncenter wp-image-23582 size-medium\" src=\"https:\/\/www.baztan.eus\/wp-content\/uploads\/2024\/11\/Cartel-general-Campana-25N2024-EUS-CAST-jpg-215x300.jpg\" alt=\"\" width=\"215\" height=\"300\" srcset=\"https:\/\/www.baztan.eus\/wp-content\/uploads\/2024\/11\/Cartel-general-Campana-25N2024-EUS-CAST-jpg-215x300.jpg 215w, https:\/\/www.baztan.eus\/wp-content\/uploads\/2024\/11\/Cartel-general-Campana-25N2024-EUS-CAST-jpg-735x1024.jpg 735w, https:\/\/www.baztan.eus\/wp-content\/uploads\/2024\/11\/Cartel-general-Campana-25N2024-EUS-CAST-jpg-768x1071.jpg 768w, https:\/\/www.baztan.eus\/wp-content\/uploads\/2024\/11\/Cartel-general-Campana-25N2024-EUS-CAST-jpg-1102x1536.jpg 1102w, https:\/\/www.baztan.eus\/wp-content\/uploads\/2024\/11\/Cartel-general-Campana-25N2024-EUS-CAST-jpg-1469x2048.jpg 1469w, https:\/\/www.baztan.eus\/wp-content\/uploads\/2024\/11\/Cartel-general-Campana-25N2024-EUS-CAST-jpg-82x115.jpg 82w, https:\/\/www.baztan.eus\/wp-content\/uploads\/2024\/11\/Cartel-general-Campana-25N2024-EUS-CAST-jpg-scaled.jpg 1836w\" sizes=\"auto, (max-width: 215px) 100vw, 215px\" \/><\/a><\/p>\n<p><span style=\"color: #808000;\"><b style=\"color: #808000;\">BIDEO INTERESGARRIAK \/\/ <\/b><span style=\"color: #808000;\"><b>V\u00cdDEOS<\/b><\/span><b style=\"color: #808000;\"> INTERESANTES<\/b><\/span><\/p>\n<div class=\"kvgmc6g5 cxmmr5t8 oygrvhab hcukyx3x c1et5uql ii04i59q\">\n<ul>\n<li>Grabaci\u00f3n de la conferencia<strong> \u00abLodifobia eta estetikaren esklabutza\u00bb<\/strong><\/li>\n<\/ul>\n<p>Pasaden martxoaren 9an, Arizkunenean, Mijo Lizarzaburu -ren eskutik izandako hitzaldiaren bideoa, Xaloa Telebistak grabatua.\u00a0<a class=\"oajrlxb2 g5ia77u1 qu0x051f esr5mh6w e9989ue4 r7d6kgcz rq0escxv nhd2j8a9 nc684nl6 p7hjln8o kvgmc6g5 cxmmr5t8 oygrvhab hcukyx3x jb3vyjys rz4wbd8a qt6c0cv9 a8nywdso i1ao9s8h esuyzwwr f1sip0of lzcic4wl q66pz984 gpro0wi8 b1v8xokw\" tabindex=\"0\" role=\"link\" href=\"https:\/\/www.facebook.com\/xaloatb\/?__cft__[0]=AZU8_he_xtm-Lchgh9UU1YFok_YyHifAldMWk612OwZD2CUsWUfRh29M2kRWj-HzBOnyF9mKWvujoxzPaK5NdK7u97_HfTZ1nMLFL8OdDx_R5L451fJX-KlyOhU8-NLgsCTTDXzJXzrFfNV_IMN0OgzN&amp;__tn__=kK-R\"><span class=\"nc684nl6\">Xaloa Telebista<\/span><\/a>ri esker mila!! \/\/\u00a0<em>El pasado 9 de marzo se realiz\u00f3 en Arizkunenea una conferencia de la mano de Mijo Lizarzaburu. Aqu\u00ed pod\u00e9is ver el v\u00eddeo de la conferencia completa. \u00a1Muchas gracias a Xaloa Telebista!<\/em><\/p>\n<p><strong>VER AQU\u00cd:<\/strong><a href=\"https:\/\/labur.eus\/fJZUT\" target=\"_blank\" rel=\"noopener\">\u00a0https:\/\/labur.eus\/fJZUT<\/a><\/p>\n<ul>\n<li dir=\"auto\"><span class=\"pq6dq46d tbxw36s4 knj5qynh kvgmc6g5 ditlmg2l oygrvhab nvdbi5me sf5mxxl7 gl3lb2sf hhz5lgdu\"><img loading=\"lazy\" decoding=\"async\" src=\"https:\/\/www.facebook.com\/images\/emoji.php\/v9\/tc0\/1\/16\/1f3f3_200d_26a7.png\" alt=\"\ufe0f\u200d\u26a7\ufe0f\" width=\"16\" height=\"16\" \/><\/span>\ufe0f Grabaci\u00f3n de la mesa redonda <strong>Trans egoera. Zorroztu dezagun begirada<\/strong><\/li>\n<\/ul>\n<\/div>\n<div class=\"o9v6fnle cxmmr5t8 oygrvhab hcukyx3x c1et5uql ii04i59q\">\n<div dir=\"auto\" style=\"padding-left: 40px;\">\n<p><span style=\"color: #333333;\">Aitzole Araneta, Brayan Altimasberes\u00a0eta\u00a0Mireia Delgadok\u00a0Aintzane Ariztegik dinamizatuta, trans pertsonen egungo egoera aztertu zuten.<\/span>\u00a0\/\/ <em>Les ponentes <span style=\"color: #800080;\">Aitzole Araneta, Brayan Altimasberes<\/span> y <span style=\"color: #800080;\">Mireia Delgado<\/span>, con la moderaci\u00f3n de <span style=\"color: #800080;\">Aintzane Ariztegi<\/span>, analizaron la situaci\u00f3n actual de las personas trans.<\/em><\/p>\n<\/div>\n<\/div>\n<div class=\"o9v6fnle cxmmr5t8 oygrvhab hcukyx3x c1et5uql ii04i59q\" style=\"padding-left: 40px;\">\n<div dir=\"auto\"><a class=\"oajrlxb2 g5ia77u1 qu0x051f esr5mh6w e9989ue4 r7d6kgcz rq0escxv nhd2j8a9 nc684nl6 p7hjln8o kvgmc6g5 cxmmr5t8 oygrvhab hcukyx3x jb3vyjys rz4wbd8a qt6c0cv9 a8nywdso i1ao9s8h esuyzwwr f1sip0of lzcic4wl q66pz984 gpro0wi8 b1v8xokw\" tabindex=\"0\" role=\"link\" href=\"https:\/\/www.facebook.com\/xaloatb\/?__cft__[0]=AZU8_he_xtm-Lchgh9UU1YFok_YyHifAldMWk612OwZD2CUsWUfRh29M2kRWj-HzBOnyF9mKWvujoxzPaK5NdK7u97_HfTZ1nMLFL8OdDx_R5L451fJX-KlyOhU8-NLgsCTTDXzJXzrFfNV_IMN0OgzN&amp;__tn__=kK-R\"><span class=\"nc684nl6\">Xaloa Telebista<\/span><\/a>ri esker mila!! \/\/<em> \u00a1\u00a1Muchas gracias a Xaloa Telebista!!<\/em><\/div>\n<div dir=\"auto\"><strong>VER AQU\u00cd: <a class=\"oajrlxb2 g5ia77u1 qu0x051f esr5mh6w e9989ue4 r7d6kgcz rq0escxv nhd2j8a9 nc684nl6 p7hjln8o kvgmc6g5 cxmmr5t8 oygrvhab hcukyx3x jb3vyjys rz4wbd8a qt6c0cv9 a8nywdso i1ao9s8h esuyzwwr f1sip0of lzcic4wl py34i1dx gpro0wi8\" tabindex=\"0\" role=\"link\" href=\"https:\/\/cutt.ly\/3TybDWH?fbclid=IwAR1tUr5_QPm3g9FWttgKQI0SHPYlHrX2zbhxvoshNnGcqd_oF_UwuxTOUY0\" target=\"_blank\" rel=\"nofollow noopener\">https:\/\/cutt.ly\/3TybDWH<\/a><\/strong><\/div>\n<\/div>\n<p>&nbsp;<\/p>\n<p><strong><span style=\"color: #808000;\">INFORMAZIO OROKORRA \/\/ INFORMACI\u00d3N GENERAL<\/span><\/strong><\/p>\n<blockquote><p><strong><a href=\"http:\/\/www.baztan.eus\/es\/zerbitzuak\/berdintasuna\/berdintasun-zerbitzua\/\">Berdintasun zerbitzua \/\/ Servicio de Igualdad<\/a><\/strong><\/p>\n<p><strong><a href=\"http:\/\/www.baztan.eus\/es\/zerbitzuak\/berdintasuna\/marko-juridikoa\/ \u200e\">Marko juridikoa \/\/ Marco jur\u00eddico<\/a><\/strong><\/p>\n<p><strong><a href=\"http:\/\/www.baztan.eus\/es\/zerbitzuak\/berdintasuna\/lotura-interesgarriak\/ \u200e\">Lotura interesgarriak \/\/ Enlaces de inter\u00e9s<\/a><\/strong><\/p>\n<p><a href=\"http:\/\/www.baztan.eus\/es\/servicios\/igualdad\/erasoen-aitzinean-zer-egin\/\" target=\"_blank\" rel=\"noopener\"><strong>ERASO BATEN AITZINEAN ZER EGIN \/\/ QUE HACER ANTE UNA AGRESI\u00d3N<\/strong><\/a><\/p>\n<p><a href=\"http:\/\/www.baztan.eus\/es\/servicios\/igualdad\/actividades-anteriores\/\"><strong>Aitzinetik egindako ekintzak \/\/ Actividades realizadas con anterioridad<\/strong><\/a><\/p>\n<p><strong><a href=\"http:\/\/www.baztan.eus\/zerbitzuak\/berdintasuna\/baztango-berdintasun-plana\/\">Baztango Berdintasun Plana (I Planaren ebaluaketa eta II. Planaren informazioa)<\/a><a href=\"http:\/\/www.baztan.eus\/es\/zerbitzuak\/berdintasuna\/baztango-berdintasun-plana\/\"> \/\/ Plan de Igualdad de Baztan (Evaluaci\u00f3n del I Plan y II Plan de Igualdad)<\/a><\/strong><\/p>\n<p><strong><a href=\"http:\/\/www.baztan.eus\/es\/zerbitzuak\/berdintasuna\/sentsibilizazio-kanpainak\/\">Sentsibilizazio Kanpainak \/\/ Campa\u00f1as de sensibilizaci\u00f3n<\/a><\/strong><\/p><\/blockquote>\n<p>&nbsp;<\/p>\n<p>&nbsp;<\/p>\n","protected":false},"excerpt":{"rendered":"<p>&nbsp; Helbidea \/\/ Direcci\u00f3n: Plaza de los Fueros, 1\u00bapiso &#8211; 31700 Elizondo (NAFARROA) Telefonoa \/\/ Tel\u00e9fono: 948 58 00 06 &#8211; 613 003634 E-posta \/\/ Email: berdintasuna@baztan.eus GIDA-DOKUMENTUAK \/\/ DOCUMENTOS MARCO QU\u00c9 HACER ANTE UNA AGRESI\u00d3N\u00a0 Materiales Criterios de atenci\u00f3n Servicios y recursos &nbsp; Irakurri hemen 2022an\u00a0EMAGIN Elkarteak egindako\u00a0Baztango Indarkeria Matxisten diagnosia.\u00a0\u00a0\/\/ Lee aqu\u00ed el [&hellip;]<\/p>\n","protected":false},"author":1,"featured_media":1835,"parent":13246,"menu_order":7,"comment_status":"closed","ping_status":"closed","template":"","meta":{"_exactmetrics_skip_tracking":false,"_exactmetrics_sitenote_active":false,"_exactmetrics_sitenote_note":"","_exactmetrics_sitenote_category":0,"footnotes":""},"class_list":["post-13410","page","type-page","status-publish","has-post-thumbnail","hentry"],"_links":{"self":[{"href":"https:\/\/www.baztan.eus\/es\/wp-json\/wp\/v2\/pages\/13410","targetHints":{"allow":["GET"]}}],"collection":[{"href":"https:\/\/www.baztan.eus\/es\/wp-json\/wp\/v2\/pages"}],"about":[{"href":"https:\/\/www.baztan.eus\/es\/wp-json\/wp\/v2\/types\/page"}],"author":[{"embeddable":true,"href":"https:\/\/www.baztan.eus\/es\/wp-json\/wp\/v2\/users\/1"}],"replies":[{"embeddable":true,"href":"https:\/\/www.baztan.eus\/es\/wp-json\/wp\/v2\/comments?post=13410"}],"version-history":[{"count":112,"href":"https:\/\/www.baztan.eus\/es\/wp-json\/wp\/v2\/pages\/13410\/revisions"}],"predecessor-version":[{"id":25626,"href":"https:\/\/www.baztan.eus\/es\/wp-json\/wp\/v2\/pages\/13410\/revisions\/25626"}],"up":[{"embeddable":true,"href":"https:\/\/www.baztan.eus\/es\/wp-json\/wp\/v2\/pages\/13246"}],"wp:featuredmedia":[{"embeddable":true,"href":"https:\/\/www.baztan.eus\/es\/wp-json\/wp\/v2\/media\/1835"}],"wp:attachment":[{"href":"https:\/\/www.baztan.eus\/es\/wp-json\/wp\/v2\/media?parent=13410"}],"curies":[{"name":"wp","href":"https:\/\/api.w.org\/{rel}","templated":true}]}}