{"id":16943,"date":"2021-11-09T13:12:45","date_gmt":"2021-11-09T13:12:45","guid":{"rendered":"http:\/\/www.baztan.eus\/?page_id=16943"},"modified":"2023-05-23T06:00:59","modified_gmt":"2023-05-23T06:00:59","slug":"actividades-anteriores","status":"publish","type":"page","link":"https:\/\/www.baztan.eus\/es\/servicios\/igualdad\/actividades-anteriores\/","title":{"rendered":"Aitzinetik egindako ekintzak \/\/ Actividades realizadas con anterioridad"},"content":{"rendered":"<div dir=\"auto\">\n<ul>\n<li><strong>ZINEGOAK: proyecci\u00f3n de cortometrajes que unen cine, cultura y diversidad <\/strong><\/li>\n<\/ul>\n<p><img loading=\"lazy\" decoding=\"async\" class=\" wp-image-20039 alignleft\" src=\"http:\/\/www.baztan.eus\/wp-content\/uploads\/2023\/02\/17.05_ZINEGOAK-300x286.jpeg\" alt=\"\" width=\"113\" height=\"107\" srcset=\"https:\/\/www.baztan.eus\/wp-content\/uploads\/2023\/02\/17.05_ZINEGOAK-300x286.jpeg 300w, https:\/\/www.baztan.eus\/wp-content\/uploads\/2023\/02\/17.05_ZINEGOAK-768x732.jpeg 768w, https:\/\/www.baztan.eus\/wp-content\/uploads\/2023\/02\/17.05_ZINEGOAK-121x115.jpeg 121w, https:\/\/www.baztan.eus\/wp-content\/uploads\/2023\/02\/17.05_ZINEGOAK.jpeg 785w\" sizes=\"auto, (max-width: 113px) 100vw, 113px\" \/><strong>En el marco del D\u00eda Internacional contra la LGTBI+fobia.<\/strong><\/p>\n<p>Cada vez es m\u00e1s frecuente que pel\u00edculas con contenidos LGTBIQ+ lleguen a los cines comerciales, pero no ocurre lo mismo con los cortometrajes y documentales. Se trata de difundir el modelo de diversidad a trav\u00e9s de la cultura y ofrecer referentes a toda la ciudadan\u00eda aprovechando los contenidos audiovisuales que anualmente ofrece. ZINEGOAK.<\/p>\n<p>&#x1f4c6; 12 de mayo, viernes &#x23f0; 18:30<br \/>\n&#x1f4cd; Sala de conferencias de Arizkunenea (\u00faltima planta)<\/p>\n<p>Toda la informaci\u00f3n <strong>y la lista de cortometrajes aqu\u00ed<\/strong>: <a href=\"https:\/\/labur.eus\/5AVF1\">https:\/\/labur.eus\/5AVF1<\/a><\/p>\n<ul>\n<li><strong>TRANS-FORMATZEN dokumentalaren proiekzioa eta NAIZEN adin txikiko transexualen familien elkartearekin informazio- \u00a0eta sentsibilizazio-saioa<\/strong><\/li>\n<\/ul>\n<p><img loading=\"lazy\" decoding=\"async\" class=\" wp-image-19987 alignleft\" src=\"http:\/\/www.baztan.eus\/wp-content\/uploads\/2023\/02\/kartela-herritarrak-300x300.jpg\" alt=\"\" width=\"249\" height=\"249\" srcset=\"https:\/\/www.baztan.eus\/wp-content\/uploads\/2023\/02\/kartela-herritarrak-300x300.jpg 300w, https:\/\/www.baztan.eus\/wp-content\/uploads\/2023\/02\/kartela-herritarrak-1024x1024.jpg 1024w, https:\/\/www.baztan.eus\/wp-content\/uploads\/2023\/02\/kartela-herritarrak-150x150.jpg 150w, https:\/\/www.baztan.eus\/wp-content\/uploads\/2023\/02\/kartela-herritarrak-768x768.jpg 768w, https:\/\/www.baztan.eus\/wp-content\/uploads\/2023\/02\/kartela-herritarrak-200x200.jpg 200w, https:\/\/www.baztan.eus\/wp-content\/uploads\/2023\/02\/kartela-herritarrak-115x115.jpg 115w, https:\/\/www.baztan.eus\/wp-content\/uploads\/2023\/02\/kartela-herritarrak.jpg 1080w\" sizes=\"auto, (max-width: 249px) 100vw, 249px\" \/><\/p>\n<p>Trans Ikusgarritasunaren Nazioarteko Egunaren harira, <em>TRANS-FORMATZEN<\/em> dokumentala emanen da eta, ondoren, *NAIZEN* adin ttikiko transexualen familien elkarteko kideek haien esperientziak partekatuko dituzte. Azkenik, sexologo batek zenbait kontzeptu eta egungo egoera azalduko ditu (legeak, protokoloak, etab.).<\/p>\n<p><em>(Dokumentala euskaraz izanen da, gaztelaniazko azpitituluekin)<\/em><\/p>\n<p>&#x1f4c6; Martxoak 30, ortzeguna &#x23f0; 18:30<br \/>\n&#x1f4cd; Arizkuneneko hitzaldi aretoan (goitiko solairuan)<\/p>\n<p>NORENDAKO: Guraso, familia eta herritar guziendako<\/p>\n<p>Informazio gehiago: <a href=\"https:\/\/labur.eus\/b6iR7\">https:\/\/labur.eus\/b6iR7<\/a><\/p>\n<p>Informazio gehiago <a href=\"mailto:berdintasuna@baztan.eus\">berdintasuna@baztan.eus<\/a> helbidean edo 613 003634 telefonoan.<\/p>\n<ul>\n<li><strong>LITERATURA GERALDIAK: Irakurbide feministak euskal literaturan, Iratxe Retolazarekin<\/strong><\/li>\n<\/ul>\n<p><img loading=\"lazy\" decoding=\"async\" class=\" wp-image-20038 alignleft\" src=\"http:\/\/www.baztan.eus\/wp-content\/uploads\/2023\/02\/Elizondo_Iratxe_2023_e-posta-300x165.png\" alt=\"\" width=\"371\" height=\"204\" srcset=\"https:\/\/www.baztan.eus\/wp-content\/uploads\/2023\/02\/Elizondo_Iratxe_2023_e-posta-300x165.png 300w, https:\/\/www.baztan.eus\/wp-content\/uploads\/2023\/02\/Elizondo_Iratxe_2023_e-posta-1024x563.png 1024w, https:\/\/www.baztan.eus\/wp-content\/uploads\/2023\/02\/Elizondo_Iratxe_2023_e-posta-768x422.png 768w, https:\/\/www.baztan.eus\/wp-content\/uploads\/2023\/02\/Elizondo_Iratxe_2023_e-posta-1536x845.png 1536w, https:\/\/www.baztan.eus\/wp-content\/uploads\/2023\/02\/Elizondo_Iratxe_2023_e-posta-2048x1126.png 2048w, https:\/\/www.baztan.eus\/wp-content\/uploads\/2023\/02\/Elizondo_Iratxe_2023_e-posta-209x115.png 209w\" sizes=\"auto, (max-width: 371px) 100vw, 371px\" \/><strong>Liburuaren Nazioarteko Egunaren bueltan.<\/strong><\/p>\n<p>Hitzaldi honen asmoa da ikustea, ea literaturak zertarako balio duen feministondako; edo bertze modu batean erranda, literaturak zertan lagun dezakeen feminismoan urratsak egiteko. Baita gogoeta egitea, heziketa literario bat jaso dugula, eta heziketa horretan, oharkabean, balore batzuk jaso ditugula denok. Nahi ala ez, eredu batzuk, kanon asko, ikuspegi matxista batetik ezarriak dira.<\/p>\n<\/div>\n<div dir=\"auto\">&#x1f4c6; Apirilak 19, asteazkena &#x23f0; 18:00<br \/>\n&#x1f4cd; Liburutegi publikoan<\/div>\n<div dir=\"auto\"><\/div>\n<div dir=\"auto\">Informazio guztia hemen: <a href=\"https:\/\/labur.eus\/Mp00E\">https:\/\/labur.eus\/Mp00E<\/a><\/div>\n<ul>\n<li>Lodifobia eta estetikaren esklabotzaren inguruko hitzaldia, Mijo Lizarzabururen eskutik \/\/ <em><strong>Conferencia \u00abLa gordofobia y la esclavitud de la imagen\u00bb con Mijo Lizarzaburu<\/strong><\/em><\/li>\n<\/ul>\n<p><img loading=\"lazy\" decoding=\"async\" class=\" wp-image-19992 alignleft\" src=\"http:\/\/www.baztan.eus\/wp-content\/uploads\/2023\/02\/9.03_Mijo-Lizarburu-irudia-300x191.jpg\" alt=\"\" width=\"238\" height=\"152\" srcset=\"https:\/\/www.baztan.eus\/wp-content\/uploads\/2023\/02\/9.03_Mijo-Lizarburu-irudia-300x191.jpg 300w, https:\/\/www.baztan.eus\/wp-content\/uploads\/2023\/02\/9.03_Mijo-Lizarburu-irudia-1024x652.jpg 1024w, https:\/\/www.baztan.eus\/wp-content\/uploads\/2023\/02\/9.03_Mijo-Lizarburu-irudia-768x489.jpg 768w, https:\/\/www.baztan.eus\/wp-content\/uploads\/2023\/02\/9.03_Mijo-Lizarburu-irudia-1536x978.jpg 1536w, https:\/\/www.baztan.eus\/wp-content\/uploads\/2023\/02\/9.03_Mijo-Lizarburu-irudia-181x115.jpg 181w, https:\/\/www.baztan.eus\/wp-content\/uploads\/2023\/02\/9.03_Mijo-Lizarburu-irudia.jpg 1800w\" sizes=\"auto, (max-width: 238px) 100vw, 238px\" \/>Sistema honetan emakumeak ez gaude inoiz gure gorputzarekin guztiz konforme, gorputzarekin lotutako genero-estereotipoek diskriminazioa indartzen dute eta emakumeen askatasuna mugatzen dute. Esparru feministetan gero eta gehiago hitz egiten da \u201clodifobia\u201dri buruz, ez depilatzeari buruz, ezgaitasunen bat duten pertsonen zein adineko emakumeen balioari edota sexualitateari buruz. Gorputz, desio eta sexu praktika anitzak politikoki aldarrikatzea behar-beharrezkoa da, baina benetan lortu al dugu edertasunaren agindu zorrotzak kolokan jartzea? Uda garaian bikini-operazioa ahaztea eta gorputzak eta desioak deskolonizatzea izan daiteke erronka. \/\/\u00a0<strong><em>En este sistema las mujeres nunca estamos del todo conformes con nuestro cuerpo, los estereotipos de g\u00e9nero relacionados con el cuerpo refuerzan la discriminaci\u00f3n y limitan la libertad de las mujeres. En las esferas feministas se habla cada vez m\u00e1s de la gordofobia; de la no depilaci\u00f3n, del valor y\/o la sexualidad de las personas con discapacidad y\/o de las mujeres mayores. Reivindicar pol\u00edticamente las m\u00faltiples pr\u00e1cticas corporales, de deseo y sexuales es absolutamente necesario, pero \u00bfhemos conseguido realmente poner en jaque los estrictos mandatos de la belleza? El reto puede ser olvidarnos de la operaci\u00f3n bikini y descolonizar cuerpos y deseos.<\/em><\/strong><\/p>\n<p><strong>VER LA CHARLA COMPLETA AQU\u00cd<\/strong>: <a href=\"https:\/\/www.youtube.com\/watch?v=k2yHFvVvtIs\" target=\"_blank\" rel=\"noopener\">https:\/\/www.youtube.com\/watch?v=k2yHFvVvtIs<\/a><\/p>\n<p>&#x1f4c5; 9 de marzo, jueves &#x23f0; 18:30h<br \/>\n&#x1f4cd; Arizkunenea<\/p>\n<ul>\n<li>EUSKALGINTZA ETA FEMINISMOAREN ARTEKO LOTURAK \/\/<em><strong> RELACIONES ENTRE LA EUSKALGINTZA Y EL FEMINISMO<\/strong><\/em><\/li>\n<\/ul>\n<p>Abenduaren 15ean, Elizondoko kultur etxean (Arizkunenean), 18:00etan, Lorea Agirre eta June Fernandez (kazetariak eta eragile feministak) euskalgintza eta feminismoaren arteko loturen <img loading=\"lazy\" decoding=\"async\" class=\"size-medium wp-image-19629 alignleft\" src=\"http:\/\/www.baztan.eus\/wp-content\/uploads\/2022\/11\/kartel-proposamena-1-1-300x300.jpg\" alt=\"\" width=\"300\" height=\"300\" srcset=\"https:\/\/www.baztan.eus\/wp-content\/uploads\/2022\/11\/kartel-proposamena-1-1-300x300.jpg 300w, https:\/\/www.baztan.eus\/wp-content\/uploads\/2022\/11\/kartel-proposamena-1-1-1024x1024.jpg 1024w, https:\/\/www.baztan.eus\/wp-content\/uploads\/2022\/11\/kartel-proposamena-1-1-150x150.jpg 150w, https:\/\/www.baztan.eus\/wp-content\/uploads\/2022\/11\/kartel-proposamena-1-1-768x768.jpg 768w, https:\/\/www.baztan.eus\/wp-content\/uploads\/2022\/11\/kartel-proposamena-1-1-200x200.jpg 200w, https:\/\/www.baztan.eus\/wp-content\/uploads\/2022\/11\/kartel-proposamena-1-1-115x115.jpg 115w, https:\/\/www.baztan.eus\/wp-content\/uploads\/2022\/11\/kartel-proposamena-1-1.jpg 1080w\" sizes=\"auto, (max-width: 300px) 100vw, 300px\" \/>inguruan solastatu ziren. \/\/ <em><strong>El 15 de diciembre, en la casa de cultura de Elizondo (Arizkunenea), a las 18:00 horas, Lorea Agirre y June Fern\u00e1ndez (periodistas y activistas feministas) hablaron sobre los v\u00ednculos entre la actividad cultural vasca y el feminismo.<\/strong><\/em><\/p>\n<p>Genero berdintasuna eta euskararen erabilera bulkatzea antzekotasun aunitz dituzten bi prozesu pertsonal, sozial eta politiko dira. Gaur egun, emakume izateak eta euskaraz bizitzeak zailtasun erantsiak dakartza. Zapalkuntza mekanizazio berdinak badira, hortik ateratzeko estrategiak ere berdintsuak izan daitezke, eta praktikak partekatzea onuragarri izan daiteke. \/\/\u00a0<em><strong>Impulsar la igualdad de g\u00e9nero y fomentar el uso del euskera son dos procesos personales, sociales y pol\u00edticos con muchas similitudes. Hoy en d\u00eda ser mujer y vivir en euskera entra\u00f1an dificultades a\u00f1adidas. Si son sistemas de opresi\u00f3n similares, las estrategias para salir de ella pueden igualmente ser similares, y compartir pr\u00e1cticas puede ser beneficioso.<\/strong><\/em><\/p>\n<p>&#x1f4c5; 15 de diciembre, jueves \u00a0&#x1f555; 18:00h<\/p>\n<p>&#x1f4cd; Arizkunenea<\/p>\n<ul>\n<li>EMAKUMEENDAKO* AHALDUNTZE LANTEGIA<strong> \/\/ II. TALLER DE EMPODERAMIENTO PARA MUJERES*<\/strong><\/li>\n<\/ul>\n<p>Autoestimu Feministan trebatzeko ikastaro honen bidez, jarrera feminista zer den definitzen saiatu nahi <img loading=\"lazy\" decoding=\"async\" class=\"size-medium wp-image-19604 alignleft\" src=\"http:\/\/www.baztan.eus\/wp-content\/uploads\/2022\/11\/II.-Gure-buruaren-jabe-ABENDUA-1-300x212.jpg\" alt=\"\" width=\"300\" height=\"212\" srcset=\"https:\/\/www.baztan.eus\/wp-content\/uploads\/2022\/11\/II.-Gure-buruaren-jabe-ABENDUA-1-300x212.jpg 300w, https:\/\/www.baztan.eus\/wp-content\/uploads\/2022\/11\/II.-Gure-buruaren-jabe-ABENDUA-1-1024x724.jpg 1024w, https:\/\/www.baztan.eus\/wp-content\/uploads\/2022\/11\/II.-Gure-buruaren-jabe-ABENDUA-1-768x543.jpg 768w, https:\/\/www.baztan.eus\/wp-content\/uploads\/2022\/11\/II.-Gure-buruaren-jabe-ABENDUA-1-1536x1086.jpg 1536w, https:\/\/www.baztan.eus\/wp-content\/uploads\/2022\/11\/II.-Gure-buruaren-jabe-ABENDUA-1-2048x1448.jpg 2048w, https:\/\/www.baztan.eus\/wp-content\/uploads\/2022\/11\/II.-Gure-buruaren-jabe-ABENDUA-1-163x115.jpg 163w\" sizes=\"auto, (max-width: 300px) 100vw, 300px\" \/>dugu. Gure buruaren jabe izateak zein adierazpen hartzen dituen, zein zaila den aunitzetan, gure buruaren alde egitea, emakumeoi* bertzeen menpeko eta bertzeen beharren arabera antolatzen irakatsi izan digutenean. \/\/\u00a0<em><strong>A trav\u00e9s de este curso de formaci\u00f3n en Autoestima Feminista trataremos de definir qu\u00e9 es tener una actitud feminista. Qu\u00e9 significa ser due\u00f1a de nosotras mismas cuando optamos por adentrarnos en el feminismo para hacer frente a las contradicciones que vivimos. Qu\u00e9 dif\u00edcil es muchas veces apostar por nosotras mismas, cuando a las mujeres* se nos han ense\u00f1ado a organizarnos dependiendo de las necesidades de los dem\u00e1s.<\/strong><\/em><\/p>\n<p>&#x1f4c5; <em><strong>21 y 22 de diciembre<\/strong><\/em>\u00a0 \u00a0&#x1f555; <em><strong>17:30 &#8211; 20:30<\/strong><\/em><\/p>\n<p>&#x1f4cd; <em><strong>Arizkunenea\u00a0<\/strong><\/em><\/p>\n<p>&#x1f469;&#x200d;&#x1f3eb; Formadora: Emagin Elkartea<\/p>\n<p>&nbsp;<\/p>\n<ul>\n<li>AZAROAREN 25A &#8211; EMAKUMEEN KONTRAKO INDARKERIAREN AURKAKO NAZIOARTEKO EGUNA \/\/\u00a0<strong><em>25 DE NOVIEMVRE &#8211; D\u00cdA INTERNACIONAL CONTRA LA VIOLENCIA HACIA LAS MUJERES<\/em><\/strong><\/li>\n<\/ul>\n<p><img loading=\"lazy\" decoding=\"async\" class=\"size-medium wp-image-19328 alignleft\" src=\"http:\/\/www.baztan.eus\/wp-content\/uploads\/2022\/11\/2022-A25-Kartela_eus-cas-e1667995067721-300x131.jpg\" alt=\"\" width=\"300\" height=\"131\" srcset=\"https:\/\/www.baztan.eus\/wp-content\/uploads\/2022\/11\/2022-A25-Kartela_eus-cas-e1667995067721-300x131.jpg 300w, https:\/\/www.baztan.eus\/wp-content\/uploads\/2022\/11\/2022-A25-Kartela_eus-cas-e1667995067721-1024x449.jpg 1024w, https:\/\/www.baztan.eus\/wp-content\/uploads\/2022\/11\/2022-A25-Kartela_eus-cas-e1667995067721-768x337.jpg 768w, https:\/\/www.baztan.eus\/wp-content\/uploads\/2022\/11\/2022-A25-Kartela_eus-cas-e1667995067721-1536x673.jpg 1536w, https:\/\/www.baztan.eus\/wp-content\/uploads\/2022\/11\/2022-A25-Kartela_eus-cas-e1667995067721-255x112.jpg 255w, https:\/\/www.baztan.eus\/wp-content\/uploads\/2022\/11\/2022-A25-Kartela_eus-cas-e1667995067721.jpg 1755w\" sizes=\"auto, (max-width: 300px) 100vw, 300px\" \/><\/p>\n<p>&nbsp;<\/p>\n<p>Toda la informaci\u00f3n <a href=\"http:\/\/www.baztan.eus\/es\/azaroak-25-emakumeen-kontrako-indarkeriaren-aurkako-nazioarteko-eguna\/\" target=\"_blank\" rel=\"noopener\"><em>aqu\u00ed<\/em><\/a><\/p>\n<p>&nbsp;<\/p>\n<p>&nbsp;<\/p>\n<ul>\n<li>ERAIKUNTZA MASKULINOA? Gizonendako berdintasuna sustatzeko lantegia \/\/<em><strong>\u00bfCONSTRUCCI\u00d3N MASCULINA? Taller para promover la igualdad con los hombres<\/strong><\/em><\/li>\n<\/ul>\n<p>Gure maskulinitatea, eraikia edo naturala da? Zer ondorio ditu gugan? Eta gure ingurukoengan? Aita izateko moduan ere eragiten du? \/\/ <strong><em>Nuestra masculinidad, \u00bfes construida o natural? \u00bfQu\u00e9 consecuencias tiene en nosotros? \u00bfY en las personas que nos rodean? \u00bfInfluye tambi\u00e9n en la manera de ser padre?<\/em><\/strong><\/p>\n<p><img loading=\"lazy\" decoding=\"async\" class=\" wp-image-19181 alignleft\" src=\"http:\/\/www.baztan.eus\/wp-content\/uploads\/2022\/10\/kartela-2-300x300.jpg\" sizes=\"auto, (max-width: 251px) 100vw, 251px\" srcset=\"http:\/\/www.baztan.eus\/wp-content\/uploads\/2022\/10\/kartela-2-300x300.jpg 300w, http:\/\/www.baztan.eus\/wp-content\/uploads\/2022\/10\/kartela-2-1024x1024.jpg 1024w, http:\/\/www.baztan.eus\/wp-content\/uploads\/2022\/10\/kartela-2-150x150.jpg 150w, http:\/\/www.baztan.eus\/wp-content\/uploads\/2022\/10\/kartela-2-768x768.jpg 768w, http:\/\/www.baztan.eus\/wp-content\/uploads\/2022\/10\/kartela-2-200x200.jpg 200w, http:\/\/www.baztan.eus\/wp-content\/uploads\/2022\/10\/kartela-2-115x115.jpg 115w, http:\/\/www.baztan.eus\/wp-content\/uploads\/2022\/10\/kartela-2.jpg 1080w\" alt=\"\" width=\"251\" height=\"251\" \/>Jasotako gizarte eta hezkuntza espezifikoa nolakoa izan den aztertuko da, baita horrek agintearen kudeaketan, erregistro emozionalean, gure harremanetan, berdintasuna eraikitzeko praktiketan\u2026 duen eragina ere. \/\/ <strong><em>Se analizar\u00e1 c\u00f3mo ha sido nuestra socializaci\u00f3n y la educaci\u00f3n recibida, su influencia en la gesti\u00f3n del liderazgo y la autoridad, en el registro emocional, en nuestras relaciones, en las pr\u00e1cticas para construir la igualdad\u2026<\/em><\/strong><\/p>\n<p><strong><em>&#x1f4c5; 2, 9 y 16 de noviembre &#x1f555; 17:30-20:30<\/em><\/strong><\/p>\n<p><strong><em>&#x1f4cd; Sala de reuniones de Arizkunenea<\/em><\/strong><\/p>\n<p><strong><em>FORMADORES: Colectivo Eraikiz<\/em><\/strong><\/p>\n<p>Emakumeek* aurrerapauso bat egin zuten aspaldi, haien matxismo barneratua aztertzen hasi eta eraldaketa pertsonal, kolektibo eta soziala abiaraziz.\u00a0Eta zuk, ez duzu ezer errebisatzeko?<strong> \/\/ <em>Las mujeres* hace tiempo que han dado un paso adelante, analizando su machismo interno e iniciando una transformaci\u00f3n personal, colectiva y social. Y t\u00fa, \u00bfno tienes nada que revisar?<\/em><\/strong><\/p>\n<p>Informazio gehiago\u00a0<a href=\"mailto:berdintasuna@baztan.eus\">berdintasuna@baztan.eus<\/a> helbidean edo 613 003634 telefonoan. \/\/ <em><strong>M\u00e1s informaci\u00f3n en <a href=\"mailto:berdintasuna@baztan.eus\">berdintasuna@baztan.eus<\/a> o en el tel\u00e9fono 613 003634.<\/strong><\/em><\/p>\n<ul>\n<li><span style=\"color: #333333;\">\u201cSendabelarrek dakitena\u201d liburuaren aurkezpena Garbi\u00f1e Larrea Iturralde idazlearekin<\/span> \/\/ <strong>Presentaci\u00f3n del libro \u00ab<span style=\"color: #800080;\">Sendabelarrek dakitena<\/span>\u00bb con su autora <span style=\"color: #800080;\">Garbi\u00f1e Larrea Iturralde<\/span><\/strong><\/li>\n<\/ul>\n<div class=\"m8h3af8h l7ghb35v kjdc1dyq kmwttqpk gh25dzvf n3t5jt4f\">\n<div dir=\"auto\"><span style=\"color: #333333;\">Landa Eremuko Emakumeen Nazioarteko Egunaren bueltan honako liburu interesgarriaren aurkezpena izanen dugu!!<\/span> \/\/ <strong>\u00a1\u00a1Con motivo del <span style=\"color: #800080;\">D\u00eda Internacional de las Mujeres Rurales<\/span>, presentaremos este interesante libro!!<\/strong><\/div>\n<div dir=\"auto\"><img loading=\"lazy\" decoding=\"async\" class=\"size-medium wp-image-18968 alignleft\" src=\"http:\/\/www.baztan.eus\/wp-content\/uploads\/2022\/09\/kartela-229x300.jpeg\" alt=\"\" width=\"229\" height=\"300\" srcset=\"https:\/\/www.baztan.eus\/wp-content\/uploads\/2022\/09\/kartela-229x300.jpeg 229w, https:\/\/www.baztan.eus\/wp-content\/uploads\/2022\/09\/kartela-781x1024.jpeg 781w, https:\/\/www.baztan.eus\/wp-content\/uploads\/2022\/09\/kartela-768x1006.jpeg 768w, https:\/\/www.baztan.eus\/wp-content\/uploads\/2022\/09\/kartela-1172x1536.jpeg 1172w, https:\/\/www.baztan.eus\/wp-content\/uploads\/2022\/09\/kartela-300x393.jpeg 300w, https:\/\/www.baztan.eus\/wp-content\/uploads\/2022\/09\/kartela-88x115.jpeg 88w, https:\/\/www.baztan.eus\/wp-content\/uploads\/2022\/09\/kartela.jpeg 1221w\" sizes=\"auto, (max-width: 229px) 100vw, 229px\" \/><\/div>\n<\/div>\n<div class=\"l7ghb35v kjdc1dyq kmwttqpk gh25dzvf jikcssrz n3t5jt4f\">\n<div dir=\"auto\"><\/div>\n<\/div>\n<div class=\"l7ghb35v kjdc1dyq kmwttqpk gh25dzvf jikcssrz n3t5jt4f\">\n<div dir=\"auto\"><span class=\"fxk3tzhb b2rh1bv3 gh55jysx m8h3af8h ewco64xe kjdc1dyq ms56khn7 bq6c9xl4 eohcrkr5 akh3l2rg\"><img loading=\"lazy\" decoding=\"async\" src=\"https:\/\/static.xx.fbcdn.net\/images\/emoji.php\/v9\/t7e\/1\/16\/1f4c5.png\" alt=\"\" width=\"16\" height=\"16\" \/><\/span> Urriak 7, ortziralea \/\/ <strong>7 de octubre, viernes<\/strong> <span class=\"fxk3tzhb b2rh1bv3 gh55jysx m8h3af8h ewco64xe kjdc1dyq ms56khn7 bq6c9xl4 eohcrkr5 akh3l2rg\"><img loading=\"lazy\" decoding=\"async\" src=\"https:\/\/static.xx.fbcdn.net\/images\/emoji.php\/v9\/t2d\/1\/16\/1f555.png\" alt=\"\" width=\"16\" height=\"16\" \/><\/span> 18:00etan \/\/ <strong>a las 18:00<\/strong><\/div>\n<div dir=\"auto\"><span class=\"fxk3tzhb b2rh1bv3 gh55jysx m8h3af8h ewco64xe kjdc1dyq ms56khn7 bq6c9xl4 eohcrkr5 akh3l2rg\"><img loading=\"lazy\" decoding=\"async\" src=\"https:\/\/static.xx.fbcdn.net\/images\/emoji.php\/v9\/t2d\/1\/16\/1f4cd.png\" alt=\"\" width=\"16\" height=\"16\" \/><\/span> Arizkuneneako hitzaldi aretoan (3. solairuan) \/\/ <strong>Sala de conferencias de Arizkunenea (3\u00aa planta)<\/strong><\/div>\n<\/div>\n<div dir=\"auto\"><\/div>\n<div dir=\"auto\"><\/div>\n<div dir=\"auto\"><\/div>\n<div dir=\"auto\"><\/div>\n<div dir=\"auto\"><\/div>\n<div dir=\"auto\"><\/div>\n<div dir=\"auto\"><\/div>\n<div dir=\"auto\"><\/div>\n<div dir=\"auto\"><\/div>\n<div dir=\"auto\"><\/div>\n<ul>\n<li><span style=\"color: #333333;\">Landa Eremuko Emakumeen Nazioarteko Egunaren bueltan <\/span>\u201cErroa eta geroa\u201d dokumentalaren proiekzioa &#8211; BERDINZINEMA \/\/ Con motivo del <span style=\"color: #800080;\">D\u00eda Internacional de las Mujeres Rurales<\/span>, <strong>Proyecci\u00f3n del documental \u00ab<a href=\"https:\/\/www.argia.eus\/multimedia\/dokumentalak\/erroa-eta-geroa\"><span style=\"color: #800080;\">Erroa eta geroa<\/span><\/a>\u00bb &#8211; BERDINZINEMA<\/strong><\/li>\n<\/ul>\n<p><span style=\"color: #333333;\"><img loading=\"lazy\" decoding=\"async\" class=\"size-medium wp-image-19085 alignleft\" src=\"http:\/\/www.baztan.eus\/wp-content\/uploads\/2022\/10\/erroa-eta-geroa-azala-212x300.jpg\" alt=\"\" width=\"212\" height=\"300\" srcset=\"https:\/\/www.baztan.eus\/wp-content\/uploads\/2022\/10\/erroa-eta-geroa-azala-212x300.jpg 212w, https:\/\/www.baztan.eus\/wp-content\/uploads\/2022\/10\/erroa-eta-geroa-azala-81x115.jpg 81w, https:\/\/www.baztan.eus\/wp-content\/uploads\/2022\/10\/erroa-eta-geroa-azala.jpg 257w\" sizes=\"auto, (max-width: 212px) 100vw, 212px\" \/><\/span><\/p>\n<div dir=\"auto\">\n<div dir=\"auto\"><span class=\"fxk3tzhb b2rh1bv3 gh55jysx m8h3af8h ewco64xe kjdc1dyq ms56khn7 bq6c9xl4 eohcrkr5 akh3l2rg\"><img loading=\"lazy\" decoding=\"async\" src=\"https:\/\/static.xx.fbcdn.net\/images\/emoji.php\/v9\/t7e\/1\/16\/1f4c5.png\" alt=\"\" width=\"16\" height=\"16\" \/><\/span> Urriak 19, asteazkena\/\/ <strong>19 de octubre, mi\u00e9rcoles <\/strong><span class=\"fxk3tzhb b2rh1bv3 gh55jysx m8h3af8h ewco64xe kjdc1dyq ms56khn7 bq6c9xl4 eohcrkr5 akh3l2rg\"><img loading=\"lazy\" decoding=\"async\" src=\"https:\/\/static.xx.fbcdn.net\/images\/emoji.php\/v9\/t2d\/1\/16\/1f555.png\" alt=\"\" width=\"16\" height=\"16\" \/><\/span> 18:00etan \/\/ <strong>a las 18:00<\/strong><\/div>\n<div dir=\"auto\"><span class=\"fxk3tzhb b2rh1bv3 gh55jysx m8h3af8h ewco64xe kjdc1dyq ms56khn7 bq6c9xl4 eohcrkr5 akh3l2rg\"><img loading=\"lazy\" decoding=\"async\" src=\"https:\/\/static.xx.fbcdn.net\/images\/emoji.php\/v9\/t2d\/1\/16\/1f4cd.png\" alt=\"\" width=\"16\" height=\"16\" \/><\/span> Arizkuneneako hitzaldi aretoan (3. solairuan) \/\/ <strong>Sala de conferencias de Arizkunenea (3\u00aa planta)<\/strong><\/div>\n<\/div>\n<p>&nbsp;<\/p>\n<p>&nbsp;<\/p>\n<p>&nbsp;<\/p>\n<p>&nbsp;<\/p>\n<p>&nbsp;<\/p>\n<p>&nbsp;<\/p>\n<p>&nbsp;<\/p>\n<ul>\n<li>Baztango II. Berdintasun Plana mugimendu feminista eta herritarrekin eraikitzen. <span style=\"color: #800080;\">Ekainak 8, Asteazkena, 17:30etan, Arizkunenean. \/\/ <span style=\"color: #333333;\"><strong>Construyendo el II Plan de Igualdad de Baztan con el movimiento feminista y la ciudadan\u00eda. <\/strong><\/span><\/span><span style=\"color: #800080;\"><em><strong>Mi\u00e9rcoles 8 de junio, a las 17:30, en Arizkunenea<\/strong>.<\/em><\/span><\/li>\n<\/ul>\n<p><img loading=\"lazy\" decoding=\"async\" class=\"wp-image-18277 size-medium alignleft\" src=\"http:\/\/www.baztan.eus\/wp-content\/uploads\/2022\/06\/MF_kontraste-saioa-E8-1-300x300.jpg\" alt=\"\" width=\"300\" height=\"300\" srcset=\"https:\/\/www.baztan.eus\/wp-content\/uploads\/2022\/06\/MF_kontraste-saioa-E8-1-300x300.jpg 300w, https:\/\/www.baztan.eus\/wp-content\/uploads\/2022\/06\/MF_kontraste-saioa-E8-1-1024x1024.jpg 1024w, https:\/\/www.baztan.eus\/wp-content\/uploads\/2022\/06\/MF_kontraste-saioa-E8-1-150x150.jpg 150w, https:\/\/www.baztan.eus\/wp-content\/uploads\/2022\/06\/MF_kontraste-saioa-E8-1-768x768.jpg 768w, https:\/\/www.baztan.eus\/wp-content\/uploads\/2022\/06\/MF_kontraste-saioa-E8-1-1536x1536.jpg 1536w, https:\/\/www.baztan.eus\/wp-content\/uploads\/2022\/06\/MF_kontraste-saioa-E8-1-200x200.jpg 200w, https:\/\/www.baztan.eus\/wp-content\/uploads\/2022\/06\/MF_kontraste-saioa-E8-1-115x115.jpg 115w, https:\/\/www.baztan.eus\/wp-content\/uploads\/2022\/06\/MF_kontraste-saioa-E8-1.jpg 1688w\" sizes=\"auto, (max-width: 300px) 100vw, 300px\" \/>Duela hilabete batzuk \u201c<u>Baztango emakume eta gizonen berdintasunerako I. Plana<\/u>\u201d ebaluatu genuen.\u00a0Ariketa hori baliatu genuen aitzinera begira erronkak identifikatzeko.<\/p>\n<p>Orain,\u00a0<u>II. Berdintasun Planaren zirriborroa zuekin kontrastatzeko<\/u> tenorea heldu da.<\/p>\n<p>EHUNDU DEZAGUN BERDINTASUNA DENON ARTEAN, ZUK ERE BADUZU ZER ERRAN ETA ZER EGIN!!<\/p>\n<p>ANIMATU ETA PARTE HARTU!! \/\/<\/p>\n<p><em>Hace unos meses\u00a0evaluamos el \u00abI Plan para la igualdad de mujeres y hombres en Baztan\u00ab, ejercicio que aprovechamos para identificar retos de cara al futuro.<\/em><\/p>\n<p><em>Ahora, llega el momento de contrastar CON TODAS Y TODOS el borrador del\u00a0<strong>II. Plan de Igualdad.<\/strong><\/em><\/p>\n<p><em><strong>\u00a1\u00a1TEJAMOS LA IGUALDAD ENTRE TODAS Y TODOS, T\u00da TAMBI\u00c9N TIENES QU\u00c9 DECIR Y QU\u00c9 HACER!!<\/strong><\/em><\/p>\n<p><em>\u00a1\u00a1\u00a1AN\u00cdMATE Y PARTICIPA!!<\/em><\/p>\n<ul>\n<li style=\"text-align: left;\">KATTALINGUNE zerbitzuaren aurkezpena, LGTBI+ kolektiboa ezagutzen. <span style=\"color: #800080;\">Maiatzak 12, 18:00etan, Arizkuneneako hitzaldi aretoan (azken solairuan)<span style=\"color: #333333;\">. \/\/ <\/span><\/span><strong>Presentaci\u00f3n de KATTALINGUNE, conociendo al colectivo LGTBI+. <span style=\"color: #800080;\"><em>12 de mayo a las 18:00 horas, en la sala de conferencias de Arizkunenea (\u00faltimo piso)<\/em><\/span><\/strong><\/li>\n<\/ul>\n<p><img loading=\"lazy\" decoding=\"async\" class=\"size-medium wp-image-18122 alignleft\" src=\"http:\/\/www.baztan.eus\/wp-content\/uploads\/2022\/04\/KATTALINGUNE-Baztan-CAS-kartela-12.05-1800etan-212x300.jpg\" alt=\"\" width=\"212\" height=\"300\" srcset=\"https:\/\/www.baztan.eus\/wp-content\/uploads\/2022\/04\/KATTALINGUNE-Baztan-CAS-kartela-12.05-1800etan-212x300.jpg 212w, https:\/\/www.baztan.eus\/wp-content\/uploads\/2022\/04\/KATTALINGUNE-Baztan-CAS-kartela-12.05-1800etan-724x1024.jpg 724w, https:\/\/www.baztan.eus\/wp-content\/uploads\/2022\/04\/KATTALINGUNE-Baztan-CAS-kartela-12.05-1800etan-768x1086.jpg 768w, https:\/\/www.baztan.eus\/wp-content\/uploads\/2022\/04\/KATTALINGUNE-Baztan-CAS-kartela-12.05-1800etan-1087x1536.jpg 1087w, https:\/\/www.baztan.eus\/wp-content\/uploads\/2022\/04\/KATTALINGUNE-Baztan-CAS-kartela-12.05-1800etan-300x424.jpg 300w, https:\/\/www.baztan.eus\/wp-content\/uploads\/2022\/04\/KATTALINGUNE-Baztan-CAS-kartela-12.05-1800etan-81x115.jpg 81w, https:\/\/www.baztan.eus\/wp-content\/uploads\/2022\/04\/KATTALINGUNE-Baztan-CAS-kartela-12.05-1800etan.jpg 1168w\" sizes=\"auto, (max-width: 212px) 100vw, 212px\" \/>Kattalingune Nafarroako Gobernuaren LGTBI+ zerbitzuaren aurkezpena eginen da, nolako zerbitzua den, noiz erabili ahal dugun eta zer egiten duen azalduz.<\/p>\n<p>Honetaz gain, LGTBI+ errealitatera gerturatuko gara siglak aztertuz eta haien erranahi eta errealitate anitzei buruz solastatuz, hala nola, sexu eta genero aniztasuna balioan jarriz.<\/p>\n<p>NORENTZAT:\u00a0 Herritar guziendako<\/p>\n<p>HIZLARIAK:\u00a0<span style=\"color: #800080;\">Kattalingune Nafarroako Gobernuaren LGTBI+ zerbitzua<span style=\"color: #333333;\"> \/\/<\/span><\/span><\/p>\n<p><em>Se realizar\u00e1 una presentaci\u00f3n del servicio LGTBI+ del Gobierno de Navarra Kattalingune, explicando en qu\u00e9 consiste el servicio, cu\u00e1ndo podemos utilizarlo y qu\u00e9 hace.<\/em><\/p>\n<p><em>Adem\u00e1s, nos acercaremos a las realidades LGTBI+ analizando las siglas y dialogando sobre sus m\u00faltiples significados y realidades, poniendo en valor la diversidad sexual y de g\u00e9nero.<\/em><\/p>\n<p><em>Dirigido a: ciudadan\u00eda<\/em><\/p>\n<p><em>Ponentes:\u00a0<span style=\"color: #800080;\">Kattalingune Servicio LGTBI+ del Gobierno de Navarra<\/span><\/em><\/p>\n<ul>\n<li>ZINEGOAK: zinema, kultura eta aniztasuna lotzen dituen laburmetrai proiekzioa. IKUSGARRITASUN LESBIKOAREN NAZIOARTEKO EGUNEAN, <span style=\"color: #800080;\">apirilaren 26an, asteartea, 18:00 \u2013 19:30, Arizkuneneako azken solairuan.<span style=\"color: #333333;\"> \/\/\u00a0<\/span><\/span><em><strong>ZINEGOAK: proyecci\u00f3n de cortometrajes que unen el cine con la cultura y la diversidad.<\/strong> <span style=\"color: #800080;\"><strong><span style=\"color: #333333;\">D\u00cdA INTERNACIONAL DE LA VISIBILIDAD L\u00c9SBICA, <\/span>26 de abril, martes, 18:00 &#8211; 19:30, \u00faltimo piso de Arizkunenea.<\/strong><\/span><\/em><\/li>\n<\/ul>\n<p><img loading=\"lazy\" decoding=\"async\" class=\"size-medium wp-image-18082 alignleft\" src=\"http:\/\/www.baztan.eus\/wp-content\/uploads\/2022\/03\/BAZTAN-kartela-212x300.jpg\" alt=\"\" width=\"212\" height=\"300\" srcset=\"https:\/\/www.baztan.eus\/wp-content\/uploads\/2022\/03\/BAZTAN-kartela-212x300.jpg 212w, https:\/\/www.baztan.eus\/wp-content\/uploads\/2022\/03\/BAZTAN-kartela-724x1024.jpg 724w, https:\/\/www.baztan.eus\/wp-content\/uploads\/2022\/03\/BAZTAN-kartela-768x1086.jpg 768w, https:\/\/www.baztan.eus\/wp-content\/uploads\/2022\/03\/BAZTAN-kartela-1086x1536.jpg 1086w, https:\/\/www.baztan.eus\/wp-content\/uploads\/2022\/03\/BAZTAN-kartela-1448x2048.jpg 1448w, https:\/\/www.baztan.eus\/wp-content\/uploads\/2022\/03\/BAZTAN-kartela-300x424.jpg 300w, https:\/\/www.baztan.eus\/wp-content\/uploads\/2022\/03\/BAZTAN-kartela-81x115.jpg 81w, https:\/\/www.baztan.eus\/wp-content\/uploads\/2022\/03\/BAZTAN-kartela.jpg 1754w\" sizes=\"auto, (max-width: 212px) 100vw, 212px\" \/>ZINEGOAK, BILBOKO GAYLESBITRANS NAZIOARTEKO ZINEMA ETA ARTE ESZENIKOEN JAIALDIA BAZTANEN \/\/\u00a0<em><strong><span style=\"color: #333333;\">ZINEGOAK, FESTIVAL INTERNACIONAL DE CINE Y ARTES ESC\u00c9NICAS GAYLESBITRANS DE BILBAO<\/span><\/strong><\/em><\/p>\n<p>Zinema, arte eszenikoak eta kultura, oro har, sexu-aniztasunak ematen digun guzia erakusteko, partekatzeko, aurrez aurre paratzeko, zabaltzeko, eztabaidatzeko edo gozatzeko bidea izatea nahi dugu. \/\/ <em>Queremos que el cine, las artes esc\u00e9nicas y la cultura en general sean el veh\u00edculo con el que mostrar, compartir, confrontar, divulgar, discutir o disfrutar de todo lo que la diversidad sexual nos aporta.<\/em><\/p>\n<p>Gero eta ohikoagoa da LGTBIQ+ edukiak dituzten pelikulak zinema komertzialetara ailegatzea, baina ez da gauza bera gertatzen film labur eta dokumentalekin. \/\/ <em>Cada vez son m\u00e1s los largometrajes con personajes o tem\u00e1ticas LGTBIQ+ que llegan a\u00a0 las pantallas de cine comercial, pero no pasa lo mismo con los cortometrajes y los documentales.<\/em><\/p>\n<ul>\n<li>Emakumeak eta zainketak. Iru\u00f1eko beste argazki memoria bat erakusketa: Martxoak 15etik apirilaren 1era <strong>\/\/ <span style=\"text-decoration: underline;\">Exposici\u00f3n <\/span><\/strong><span style=\"text-decoration: underline;\"><em><strong>Mujeres y cuidados. Otra memoria fotogr\u00e1fica de<\/strong><\/em><\/span><em><strong> Pamplona<\/strong>:\u00a0<\/em><span style=\"color: #800080;\"><strong><em>Del 15 de marzo al 1 de abril<\/em><\/strong><\/span>\n<p style=\"padding-left: 40px;\"><img loading=\"lazy\" decoding=\"async\" class=\" wp-image-17688 alignleft\" src=\"http:\/\/www.baztan.eus\/wp-content\/uploads\/2022\/02\/Montaje_Inge-Morath-300x169.jpg\" alt=\"\" width=\"314\" height=\"177\" srcset=\"https:\/\/www.baztan.eus\/wp-content\/uploads\/2022\/02\/Montaje_Inge-Morath-300x169.jpg 300w, https:\/\/www.baztan.eus\/wp-content\/uploads\/2022\/02\/Montaje_Inge-Morath-1024x576.jpg 1024w, https:\/\/www.baztan.eus\/wp-content\/uploads\/2022\/02\/Montaje_Inge-Morath-768x432.jpg 768w, https:\/\/www.baztan.eus\/wp-content\/uploads\/2022\/02\/Montaje_Inge-Morath-1536x864.jpg 1536w, https:\/\/www.baztan.eus\/wp-content\/uploads\/2022\/02\/Montaje_Inge-Morath-204x115.jpg 204w, https:\/\/www.baztan.eus\/wp-content\/uploads\/2022\/02\/Montaje_Inge-Morath.jpg 2000w\" sizes=\"auto, (max-width: 314px) 100vw, 314px\" \/>Bizitza eta askatasuna egunerokoan arriskuan jarri dituztenei. Anonimoak eta ikusezinak eguneroko zereginetan. Emakume horiek bete-beterik erakusteko. Bere kemen eta grinekin. Iragana etorkizun zalantzagarri honi lotuz. \/\/ <em>Esta exposici\u00f3n trata sobre los cuidados que sostienen la vida, siempre omitidos en la historia oficial privada de la mirada de g\u00e9nero, incompleta sin la perspectiva feminista.<\/em><em><br \/>\n<\/em><\/p>\n<p style=\"padding-left: 40px;\">Lekua\/lugar: Arizkuneneako 2. Solairuan <em>2\u00aa planta de Arizkunenea<\/em><\/p>\n<p style=\"padding-left: 40px;\">Antolatzailea\/ organiza: Berdintasun Batzordea<\/p>\n<\/li>\n<\/ul>\n<ul>\n<li>MARTXOAK 8 &#8211; EMAKUMEEN NAZIOARTEKO EGUNA \/\/ <span style=\"text-decoration: underline;\"><strong>8 DE MARZO &#8211; D\u00cdA INTERNACIONAL DE LAS MUJERES<\/strong><\/span><\/li>\n<\/ul>\n<p><a href=\"http:\/\/www.baztan.eus\/wp-content\/uploads\/2022\/03\/Ekintzen-kartela-logoakin-horizontala-scaled.jpg\" target=\"_blank\" rel=\"noopener\"><img loading=\"lazy\" decoding=\"async\" class=\"aligncenter wp-image-17821 size-large\" src=\"http:\/\/www.baztan.eus\/wp-content\/uploads\/2022\/03\/Ekintzen-kartela-logoakin-horizontala-1024x512.jpg\" alt=\"\" width=\"1024\" height=\"512\" srcset=\"https:\/\/www.baztan.eus\/wp-content\/uploads\/2022\/03\/Ekintzen-kartela-logoakin-horizontala-1024x512.jpg 1024w, https:\/\/www.baztan.eus\/wp-content\/uploads\/2022\/03\/Ekintzen-kartela-logoakin-horizontala-300x150.jpg 300w, https:\/\/www.baztan.eus\/wp-content\/uploads\/2022\/03\/Ekintzen-kartela-logoakin-horizontala-768x384.jpg 768w, https:\/\/www.baztan.eus\/wp-content\/uploads\/2022\/03\/Ekintzen-kartela-logoakin-horizontala-1536x768.jpg 1536w, https:\/\/www.baztan.eus\/wp-content\/uploads\/2022\/03\/Ekintzen-kartela-logoakin-horizontala-2048x1024.jpg 2048w, https:\/\/www.baztan.eus\/wp-content\/uploads\/2022\/03\/Ekintzen-kartela-logoakin-horizontala-230x115.jpg 230w\" sizes=\"auto, (max-width: 1024px) 100vw, 1024px\" \/><\/a><\/p>\n<p>2022ko otsailaren 24ean\u00a0Baztango Udalak\u00a0osoko bilkuran aho batez\u00a0onartutako\u00a0<a href=\"http:\/\/www.baztan.eus\/noticias\/martxoaren-8ko-adierazpen-instituzionala\/\">Martxoak 8ko\u00a0adierazpen instituzionala<\/a>.<strong> \/\/ <a href=\"http:\/\/www.baztan.eus\/es\/noticias\/declaracion-institucional-por-el-8-de-marzo\/\">Declaraci\u00f3n institucional<\/a> aprobada<\/strong> por unanimidad <strong>por el Ayuntamiento de Baztan<\/strong> el 24 de febrero de 2022.<\/p>\n<ul>\n<li>ETXEKO ETA ZAINTZA LANGILEEN LAN-BALDINTZEN INGURUKO SOLASALDIA: otsailak 5, larunbata, 16:00 &#8211; 18:30 bitartean, Arizkunenean. \/\/ <span style=\"text-decoration: underline;\"><strong>COLOQUIO SOBRE LAS CONDICIONES DE TRABAJO DEL PERSONAL DOM\u00c9STICO Y DE CUIDADOS<\/strong><\/span><strong>, <span style=\"color: #800080;\">5 de febrero, s\u00e1bado, de 16:00 a 18:30 horas, en Arizkunenea.<\/span><\/strong><\/li>\n<\/ul>\n<p><img loading=\"lazy\" decoding=\"async\" class=\" wp-image-17431 alignleft\" src=\"http:\/\/www.baztan.eus\/wp-content\/uploads\/2022\/01\/kartel-def-10-212x300.jpg\" alt=\"\" width=\"155\" height=\"219\" srcset=\"https:\/\/www.baztan.eus\/wp-content\/uploads\/2022\/01\/kartel-def-10-212x300.jpg 212w, https:\/\/www.baztan.eus\/wp-content\/uploads\/2022\/01\/kartel-def-10-724x1024.jpg 724w, https:\/\/www.baztan.eus\/wp-content\/uploads\/2022\/01\/kartel-def-10-768x1086.jpg 768w, https:\/\/www.baztan.eus\/wp-content\/uploads\/2022\/01\/kartel-def-10-1086x1536.jpg 1086w, https:\/\/www.baztan.eus\/wp-content\/uploads\/2022\/01\/kartel-def-10-1448x2048.jpg 1448w, https:\/\/www.baztan.eus\/wp-content\/uploads\/2022\/01\/kartel-def-10-300x424.jpg 300w, https:\/\/www.baztan.eus\/wp-content\/uploads\/2022\/01\/kartel-def-10-81x115.jpg 81w, https:\/\/www.baztan.eus\/wp-content\/uploads\/2022\/01\/kartel-def-10.jpg 1587w\" sizes=\"auto, (max-width: 155px) 100vw, 155px\" \/><\/p>\n<p>Zer da etxeko langileen erregimen berezia? Zein dira etxeko langileen oinarrizko lan-baldintzak? Barneko eta kanpoko langileen eta egoera irregularrean dauden langileen baldintzei buruz solastuko gara.<\/p>\n<p>Kasu zehatz batzuk ere azalduko dira, hauen gainean egoera desberdinak aztertzeko. \/<\/p>\n<p><em>\u00bfQu\u00e9 es el r\u00e9gimen especial de las empleadas de hogar? \u00bfCu\u00e1les son las condiciones laborales b\u00e1sicas de las empleadas de hogar? Hablaremos de las condiciones de las trabajadoras internas y externas y de las trabajadoras en situaci\u00f3n irregular.<\/em><\/p>\n<p><em>Tambi\u00e9n se expondr\u00e1n algunos casos concretos para analizar diferentes situaciones sobre los casos.<\/em><\/p>\n<p>HIZLARIAK\/<em>PONENTES<\/em>: <span style=\"color: #800080;\"><span class=\"JsGRdQ\">Arantxa Ordo\u00f1ez Maria y <\/span><\/span><span style=\"color: #800080;\"><span class=\"JsGRdQ\">Joseba Pagola Lima<\/span><span class=\"JsGRdQ\">, LAB Sociocomunitario Navarra.<\/span><\/span><\/p>\n<ul>\n<li>Escape Rooma berdintasunaren alde Baztanen: abenduak 28, asteartea, 10:30; 12:00; 13:30; 16:30; 18:00; 19:30, Arizkunenean. \/\/ <strong><em>Escape Room por la igualdad:<\/em><\/strong><span style=\"color: #800080;\"><strong><em> 28 de diciembre, martes, 10:30; 12:00; 13:30; 16:30; 18:00; 19:30, en Arizkunenea.<\/em><\/strong><\/span><\/li>\n<\/ul>\n<p><span style=\"color: #800080;\"><strong><em><img loading=\"lazy\" decoding=\"async\" class=\" wp-image-17336 alignleft\" src=\"http:\/\/www.baztan.eus\/wp-content\/uploads\/2021\/12\/kartel-DEF-212x300.jpg\" alt=\"\" width=\"257\" height=\"364\" srcset=\"https:\/\/www.baztan.eus\/wp-content\/uploads\/2021\/12\/kartel-DEF-212x300.jpg 212w, https:\/\/www.baztan.eus\/wp-content\/uploads\/2021\/12\/kartel-DEF-724x1024.jpg 724w, https:\/\/www.baztan.eus\/wp-content\/uploads\/2021\/12\/kartel-DEF-768x1086.jpg 768w, https:\/\/www.baztan.eus\/wp-content\/uploads\/2021\/12\/kartel-DEF-1086x1536.jpg 1086w, https:\/\/www.baztan.eus\/wp-content\/uploads\/2021\/12\/kartel-DEF-1448x2048.jpg 1448w, https:\/\/www.baztan.eus\/wp-content\/uploads\/2021\/12\/kartel-DEF-300x424.jpg 300w, https:\/\/www.baztan.eus\/wp-content\/uploads\/2021\/12\/kartel-DEF-81x115.jpg 81w, https:\/\/www.baztan.eus\/wp-content\/uploads\/2021\/12\/kartel-DEF.jpg 1587w\" sizes=\"auto, (max-width: 257px) 100vw, 257px\" \/>\u00a0<\/em><\/strong><\/span>Escape rooma familia eta koadrilendako. Jolas kooperatiboa da,<br \/>\nbarnealdeko ginkana bat hain zuzen. Pertsona talde batek probak<br \/>\ngainditu, kodeak eta enigmak deszifratuz giltzarrapoak eta maletak ireki behar ditu barnetik ateratzeko. Berdintasunaren aldeko Escape Room honek iraganera bidaia egitea proposatzen du, XX. mendearen erdialdeko emakumeen* eta gizonen* bizitza irudikatzeko. Soldata arrakala, sufragio unibertsala\u2026 gaur\u00a0 gunera artio lortutakoa agerian geratzen da, baina baita\u00a0 errealitate gordina eta aitzinerat egiteko gelditzen zaigun lana ere. \/\/\u00a0<em>Es un juego cooperativo, una ginkana de interior en el que un grupo de personas tienen que superar pruebas, descifrar c\u00f3digos y enigmas para abrir candados y maletas y salir del espacio interior. En esta Escape room por la igualdad proponemos un viaje al pasado para representar la vida de las mujeres* y hombres* de mediados del siglo XX. La brecha salarial, el sufragio universal&#8230; En este viaje se evidencia lo conseguido hasta la actualidad pero tambi\u00e9n la cruda realidad y lo que nos queda por avanzar.<\/em><\/p>\n<ul>\n<li>Mugimendu feministarekin eta herritarrekin kontraste lantegia<strong>:<\/strong> <span class=\"JsGRdQ\" style=\"color: #800080;\"><span style=\"color: #333333;\">abenduak 18, larunbata, 10:00 &#8211; 13:30, Arizkunenean.<\/span> <\/span>\/\/ <em><strong>Taller de contraste con el movimiento feminista y la ciudadan\u00eda: <span class=\"JsGRdQ\" style=\"color: #800080;\">18 de diciembre, s\u00e1bado, de 10:00 a 13:30 en Arizkunenea.<\/span><\/strong><\/em><\/li>\n<\/ul>\n<p style=\"text-align: center;\"><img loading=\"lazy\" decoding=\"async\" class=\"wp-image-17203 size-medium alignleft\" src=\"http:\/\/www.baztan.eus\/wp-content\/uploads\/2021\/12\/Deialdia_Baztan_MF-eta-Herria-4-DEF-212x300.jpeg\" alt=\"\" width=\"212\" height=\"300\" srcset=\"https:\/\/www.baztan.eus\/wp-content\/uploads\/2021\/12\/Deialdia_Baztan_MF-eta-Herria-4-DEF-212x300.jpeg 212w, https:\/\/www.baztan.eus\/wp-content\/uploads\/2021\/12\/Deialdia_Baztan_MF-eta-Herria-4-DEF-724x1024.jpeg 724w, https:\/\/www.baztan.eus\/wp-content\/uploads\/2021\/12\/Deialdia_Baztan_MF-eta-Herria-4-DEF-768x1087.jpeg 768w, https:\/\/www.baztan.eus\/wp-content\/uploads\/2021\/12\/Deialdia_Baztan_MF-eta-Herria-4-DEF-1086x1536.jpeg 1086w, https:\/\/www.baztan.eus\/wp-content\/uploads\/2021\/12\/Deialdia_Baztan_MF-eta-Herria-4-DEF-300x424.jpeg 300w, https:\/\/www.baztan.eus\/wp-content\/uploads\/2021\/12\/Deialdia_Baztan_MF-eta-Herria-4-DEF-81x115.jpeg 81w, https:\/\/www.baztan.eus\/wp-content\/uploads\/2021\/12\/Deialdia_Baztan_MF-eta-Herria-4-DEF.jpeg 1121w\" sizes=\"auto, (max-width: 212px) 100vw, 212px\" \/><\/p>\n<p>Ordura arte plazaratu diren erronka nagusiak aurkeztu eta aztertuko dira, ondorio hauen kontrastea egiteko eta emaitzak baloratzeko. \/\/ <em>Se presentar\u00e1n y analizar\u00e1n los principales retos planteados hasta el momento para su contraste y para realizar la valoraci\u00f3n de los resultados.<\/em><\/p>\n<p>&nbsp;<\/p>\n<p>&nbsp;<\/p>\n<p>&nbsp;<\/p>\n<p>&nbsp;<\/p>\n<p>&nbsp;<\/p>\n<ul>\n<li>Emakumeendako ahalduntze lantegia<strong>:<\/strong> abenduak 15 eta 22, asteazkenak, 17:00 &#8211; 20:00, Arizkunenean. \/\/ <strong><em>Taller de empoderamiento <span class=\"JsGRdQ\">para mujeres:<\/span><span class=\"JsGRdQ\" style=\"color: #800080;\"> 15 y 22 de diciembre, de 17:30 a 20:30 en Arizkunenea.\u00a0<\/span><\/em><\/strong><\/li>\n<\/ul>\n<p><img loading=\"lazy\" decoding=\"async\" class=\"size-medium wp-image-17022 alignleft\" src=\"http:\/\/www.baztan.eus\/wp-content\/uploads\/2021\/11\/kartel-def-1-300x212.jpg\" alt=\"\" width=\"300\" height=\"212\" srcset=\"https:\/\/www.baztan.eus\/wp-content\/uploads\/2021\/11\/kartel-def-1-300x212.jpg 300w, https:\/\/www.baztan.eus\/wp-content\/uploads\/2021\/11\/kartel-def-1-1024x724.jpg 1024w, https:\/\/www.baztan.eus\/wp-content\/uploads\/2021\/11\/kartel-def-1-768x543.jpg 768w, https:\/\/www.baztan.eus\/wp-content\/uploads\/2021\/11\/kartel-def-1-1536x1086.jpg 1536w, https:\/\/www.baztan.eus\/wp-content\/uploads\/2021\/11\/kartel-def-1-2048x1448.jpg 2048w, https:\/\/www.baztan.eus\/wp-content\/uploads\/2021\/11\/kartel-def-1-163x115.jpg 163w\" sizes=\"auto, (max-width: 300px) 100vw, 300px\" \/>Askotan, gazte-gaztetatik ondoeza sentitzen dugu gure ikaskide, lagunarte edota familian. Estereotipo eta genero rolen araberako hezkuntza jaso dugu, guztiok gara jendarte honen ondorio eta horrek gaixotu egiten gaitu. Hau guztia egunero gure gorputzetan islatzen da, gure mugimenduetan, munduan egoteko zein jarduteko moduetan, gure jarreretan, gure gorpuzkeretan. Ikastaro honetan gorputzari eta mugimenduari garrantzi berezia eman nahi diogu eta burua eta arrazoia bezainbeste landu nahi ditugu gorputza eta emozioak. \/\/ <em>Muchas veces, desde muy j\u00f3venes, sentimos malestar en clase, con las\/os compa\u00f1eras y compa\u00f1eros o en la familia. Hemos recibido una educaci\u00f3n basada en estereotipos y roles de g\u00e9nero, somos producto de esta sociedad y eso nos enferma. Todo esto se refleja cada d\u00eda en nuestros cuerpos, en nuestros movimientos, tanto en nuestras formas de estar en el mundo como de actuar, en nuestras actitudes, en nuestras encarnaciones. En este curso queremos dar especial importancia al cuerpo y al movimiento y trabajar tanto el cuerpo y las emociones como la mente y la raz\u00f3n.<\/em><\/p>\n<ul>\n<li><em>Elkarretaratzea EMAKUMEEN AURKAKO INDARKERIAREN<\/em> KONTRAKO NAZIOARTEKO EGUNEAN: azaroak 25, ortzeguna, Elizondoko Plazan, 12:00etan <strong>\/\/ <em>Concentraci\u00f3n POR EL D\u00cdA INTERNACIONAL CONTRA LA VIOLENCIA HACIA LAS MUJERES: <span style=\"color: #800080;\">25 de noviembre, jueves, en la Plaza de Elizondo, 12:00h<\/span><\/em><\/strong><\/li>\n<\/ul>\n<p><img loading=\"lazy\" decoding=\"async\" class=\"size-full wp-image-16797 aligncenter\" src=\"http:\/\/www.baztan.eus\/wp-content\/uploads\/2021\/10\/imagen-RECHAZO-VIOLENCIA.jpeg\" alt=\"\" width=\"180\" height=\"180\" srcset=\"https:\/\/www.baztan.eus\/wp-content\/uploads\/2021\/10\/imagen-RECHAZO-VIOLENCIA.jpeg 180w, https:\/\/www.baztan.eus\/wp-content\/uploads\/2021\/10\/imagen-RECHAZO-VIOLENCIA-150x150.jpeg 150w, https:\/\/www.baztan.eus\/wp-content\/uploads\/2021\/10\/imagen-RECHAZO-VIOLENCIA-115x115.jpeg 115w\" sizes=\"auto, (max-width: 180px) 100vw, 180px\" \/><\/p>\n<p>Indarkeria matxisten aurkako elkarraraztea. Kaleetan jarraituko dugu, indarkeria matxistekin amaitzeko jendarte osoaren konpromisoa eskatzen. Hurbildu zaitez eta erakutsi zure konpromisoa! \/\/\u00a0 <em>Concentraci\u00f3n contra las violencias machistas. Seguiremos en las calles reclamando el compromiso de toda la sociedad para acabar con las violencias machistas. \u00a1Ac\u00e9rcate y muestra tu compromiso!<\/em><\/p>\n<div data-carousel-extra='{\"blog_id\":1,\"permalink\":\"https:\\\/\\\/www.baztan.eus\\\/es\\\/servicios\\\/igualdad\\\/actividades-anteriores\\\/\",\"likes_blog_id\":false}' id='gallery-1' class='gallery galleryid-16943 gallery-columns-3 gallery-size-thumbnail'><figure class='gallery-item'>\n\t\t\t<div class='gallery-icon landscape'>\n\t\t\t\t<a href='https:\/\/www.baztan.eus\/noticias\/baztango-indarkeria-matxistaren-kontrako-elkarretaratzea\/a25-argazkia-12\/'><img loading=\"lazy\" decoding=\"async\" width=\"150\" height=\"150\" src=\"https:\/\/www.baztan.eus\/wp-content\/uploads\/2021\/11\/A25-argazkia-12-150x150.jpeg\" class=\"attachment-thumbnail size-thumbnail\" alt=\"\" srcset=\"https:\/\/www.baztan.eus\/wp-content\/uploads\/2021\/11\/A25-argazkia-12-150x150.jpeg 150w, https:\/\/www.baztan.eus\/wp-content\/uploads\/2021\/11\/A25-argazkia-12-200x200.jpeg 200w\" sizes=\"auto, (max-width: 150px) 100vw, 150px\" data-attachment-id=\"17064\" data-orig-file=\"https:\/\/www.baztan.eus\/wp-content\/uploads\/2021\/11\/A25-argazkia-12.jpeg\" data-orig-size=\"1600,1197\" data-comments-opened=\"0\" data-image-meta=\"{&quot;aperture&quot;:&quot;0&quot;,&quot;credit&quot;:&quot;&quot;,&quot;camera&quot;:&quot;&quot;,&quot;caption&quot;:&quot;&quot;,&quot;created_timestamp&quot;:&quot;0&quot;,&quot;copyright&quot;:&quot;&quot;,&quot;focal_length&quot;:&quot;0&quot;,&quot;iso&quot;:&quot;0&quot;,&quot;shutter_speed&quot;:&quot;0&quot;,&quot;title&quot;:&quot;&quot;,&quot;orientation&quot;:&quot;0&quot;,&quot;keywords&quot;:&quot;Array&quot;}\" data-image-title=\"A25 &#8211; argazkia 12\" data-image-description=\"\" data-medium-file=\"https:\/\/www.baztan.eus\/wp-content\/uploads\/2021\/11\/A25-argazkia-12-300x224.jpeg\" data-large-file=\"https:\/\/www.baztan.eus\/wp-content\/uploads\/2021\/11\/A25-argazkia-12-1024x766.jpeg\" \/><\/a>\n\t\t\t<\/div><\/figure><figure class='gallery-item'>\n\t\t\t<div class='gallery-icon landscape'>\n\t\t\t\t<a href='https:\/\/www.baztan.eus\/noticias\/baztango-indarkeria-matxistaren-kontrako-elkarretaratzea\/a25-argazkia-3\/'><img loading=\"lazy\" decoding=\"async\" width=\"150\" height=\"150\" src=\"https:\/\/www.baztan.eus\/wp-content\/uploads\/2021\/11\/A25-argazkia-3-150x150.jpeg\" class=\"attachment-thumbnail size-thumbnail\" alt=\"\" srcset=\"https:\/\/www.baztan.eus\/wp-content\/uploads\/2021\/11\/A25-argazkia-3-150x150.jpeg 150w, https:\/\/www.baztan.eus\/wp-content\/uploads\/2021\/11\/A25-argazkia-3-200x200.jpeg 200w\" sizes=\"auto, (max-width: 150px) 100vw, 150px\" data-attachment-id=\"17062\" data-orig-file=\"https:\/\/www.baztan.eus\/wp-content\/uploads\/2021\/11\/A25-argazkia-3.jpeg\" data-orig-size=\"1600,1197\" data-comments-opened=\"0\" data-image-meta=\"{&quot;aperture&quot;:&quot;0&quot;,&quot;credit&quot;:&quot;&quot;,&quot;camera&quot;:&quot;&quot;,&quot;caption&quot;:&quot;&quot;,&quot;created_timestamp&quot;:&quot;0&quot;,&quot;copyright&quot;:&quot;&quot;,&quot;focal_length&quot;:&quot;0&quot;,&quot;iso&quot;:&quot;0&quot;,&quot;shutter_speed&quot;:&quot;0&quot;,&quot;title&quot;:&quot;&quot;,&quot;orientation&quot;:&quot;0&quot;,&quot;keywords&quot;:&quot;Array&quot;}\" data-image-title=\"A25 &#8211; argazkia 3\" data-image-description=\"\" data-medium-file=\"https:\/\/www.baztan.eus\/wp-content\/uploads\/2021\/11\/A25-argazkia-3-300x224.jpeg\" data-large-file=\"https:\/\/www.baztan.eus\/wp-content\/uploads\/2021\/11\/A25-argazkia-3-1024x766.jpeg\" \/><\/a>\n\t\t\t<\/div><\/figure><figure class='gallery-item'>\n\t\t\t<div class='gallery-icon landscape'>\n\t\t\t\t<a href='https:\/\/www.baztan.eus\/noticias\/baztango-indarkeria-matxistaren-kontrako-elkarretaratzea\/a25-argazkia-1\/'><img loading=\"lazy\" decoding=\"async\" width=\"150\" height=\"150\" src=\"https:\/\/www.baztan.eus\/wp-content\/uploads\/2021\/11\/A25-argazkia-1-150x150.jpeg\" class=\"attachment-thumbnail size-thumbnail\" alt=\"\" srcset=\"https:\/\/www.baztan.eus\/wp-content\/uploads\/2021\/11\/A25-argazkia-1-150x150.jpeg 150w, https:\/\/www.baztan.eus\/wp-content\/uploads\/2021\/11\/A25-argazkia-1-200x200.jpeg 200w\" sizes=\"auto, (max-width: 150px) 100vw, 150px\" data-attachment-id=\"17061\" data-orig-file=\"https:\/\/www.baztan.eus\/wp-content\/uploads\/2021\/11\/A25-argazkia-1.jpeg\" data-orig-size=\"1600,1197\" data-comments-opened=\"0\" data-image-meta=\"{&quot;aperture&quot;:&quot;0&quot;,&quot;credit&quot;:&quot;&quot;,&quot;camera&quot;:&quot;&quot;,&quot;caption&quot;:&quot;&quot;,&quot;created_timestamp&quot;:&quot;0&quot;,&quot;copyright&quot;:&quot;&quot;,&quot;focal_length&quot;:&quot;0&quot;,&quot;iso&quot;:&quot;0&quot;,&quot;shutter_speed&quot;:&quot;0&quot;,&quot;title&quot;:&quot;&quot;,&quot;orientation&quot;:&quot;0&quot;,&quot;keywords&quot;:&quot;Array&quot;}\" data-image-title=\"A25 &#8211; argazkia 1\" data-image-description=\"\" data-medium-file=\"https:\/\/www.baztan.eus\/wp-content\/uploads\/2021\/11\/A25-argazkia-1-300x224.jpeg\" data-large-file=\"https:\/\/www.baztan.eus\/wp-content\/uploads\/2021\/11\/A25-argazkia-1-1024x766.jpeg\" \/><\/a>\n\t\t\t<\/div><\/figure>\n\t\t<\/div>\n\n<ul>\n<li><em>\u201cTrans egoera. Zorroztu dezagun begirada\u201d <\/em>mahai ingurua: azaroak 4, ortzeguna, Arizkunenea Kultur Etxeko sabaian, 18:00etan. <strong>\/\/ <em>Mesa redonda \u201cTrans egoera. Zorroztu dezagun begirada\u201d: <span style=\"color: #800080;\">4 de noviembre, jueves. Desv\u00e1n de la Casa de Cultura Arizkunenea, 18:00h.<\/span><\/em><\/strong><\/li>\n<\/ul>\n<p><a href=\"http:\/\/www.baztan.eus\/wp-content\/uploads\/2021\/10\/Begiradak-zorroztu-Behin-betikoa.jpeg\" target=\"_blank\" rel=\"noopener\"><img loading=\"lazy\" decoding=\"async\" class=\"aligncenter wp-image-16793 size-medium\" src=\"http:\/\/www.baztan.eus\/wp-content\/uploads\/2021\/10\/Begiradak-zorroztu-Behin-betikoa-210x300.jpeg\" alt=\"\" width=\"210\" height=\"300\" srcset=\"https:\/\/www.baztan.eus\/wp-content\/uploads\/2021\/10\/Begiradak-zorroztu-Behin-betikoa-210x300.jpeg 210w, https:\/\/www.baztan.eus\/wp-content\/uploads\/2021\/10\/Begiradak-zorroztu-Behin-betikoa-300x429.jpeg 300w, https:\/\/www.baztan.eus\/wp-content\/uploads\/2021\/10\/Begiradak-zorroztu-Behin-betikoa-80x115.jpeg 80w, https:\/\/www.baztan.eus\/wp-content\/uploads\/2021\/10\/Begiradak-zorroztu-Behin-betikoa.jpeg 711w\" sizes=\"auto, (max-width: 210px) 100vw, 210px\" \/><\/a><\/p>\n<div class=\"kvgmc6g5 cxmmr5t8 oygrvhab hcukyx3x c1et5uql ii04i59q\">\n<p style=\"padding-left: 40px;\"><span class=\"pq6dq46d tbxw36s4 knj5qynh kvgmc6g5 ditlmg2l oygrvhab nvdbi5me sf5mxxl7 gl3lb2sf hhz5lgdu\"><img loading=\"lazy\" decoding=\"async\" src=\"https:\/\/www.facebook.com\/images\/emoji.php\/v9\/tc0\/1\/16\/1f3f3_200d_26a7.png\" alt=\"&#xfe0f;&#x200d;&#x26a7;&#xfe0f;\" width=\"16\" height=\"16\" \/><\/span>&#xfe0f; Grabaci\u00f3n de la mesa redonda <strong>Trans egoera. Zorroztu dezagun begirada<\/strong><\/p>\n<\/div>\n<div class=\"o9v6fnle cxmmr5t8 oygrvhab hcukyx3x c1et5uql ii04i59q\">\n<div dir=\"auto\" style=\"padding-left: 40px;\">\n<p><span style=\"color: #333333;\">Aitzole Araneta, Brayan Altimasberes\u00a0eta\u00a0Mireia Delgadok\u00a0Aintzane Ariztegik dinamizatuta, trans pertsonen egungo egoera aztertu zuten.<\/span>\u00a0\/\/ <em>Les ponentes <span style=\"color: #800080;\">Aitzole Araneta, Brayan Altimasberes<\/span> y <span style=\"color: #800080;\">Mireia Delgado<\/span>, con la moderaci\u00f3n de <span style=\"color: #800080;\">Aintzane Ariztegi<\/span>, analizaron la situaci\u00f3n actual de las personas trans.<\/em><\/p>\n<\/div>\n<\/div>\n<div class=\"o9v6fnle cxmmr5t8 oygrvhab hcukyx3x c1et5uql ii04i59q\" style=\"padding-left: 40px;\">\n<div dir=\"auto\"><a class=\"oajrlxb2 g5ia77u1 qu0x051f esr5mh6w e9989ue4 r7d6kgcz rq0escxv nhd2j8a9 nc684nl6 p7hjln8o kvgmc6g5 cxmmr5t8 oygrvhab hcukyx3x jb3vyjys rz4wbd8a qt6c0cv9 a8nywdso i1ao9s8h esuyzwwr f1sip0of lzcic4wl q66pz984 gpro0wi8 b1v8xokw\" tabindex=\"0\" role=\"link\" href=\"https:\/\/www.facebook.com\/xaloatb\/?__cft__[0]=AZU8_he_xtm-Lchgh9UU1YFok_YyHifAldMWk612OwZD2CUsWUfRh29M2kRWj-HzBOnyF9mKWvujoxzPaK5NdK7u97_HfTZ1nMLFL8OdDx_R5L451fJX-KlyOhU8-NLgsCTTDXzJXzrFfNV_IMN0OgzN&amp;__tn__=kK-R\"><span class=\"nc684nl6\">Xaloa Telebista<\/span><\/a>ri esker mila!! \/\/<em> \u00a1\u00a1Muchas gracias a Xaloa Telebista!!<\/em><\/div>\n<div dir=\"auto\"><strong>VER AQU\u00cd: <a class=\"oajrlxb2 g5ia77u1 qu0x051f esr5mh6w e9989ue4 r7d6kgcz rq0escxv nhd2j8a9 nc684nl6 p7hjln8o kvgmc6g5 cxmmr5t8 oygrvhab hcukyx3x jb3vyjys rz4wbd8a qt6c0cv9 a8nywdso i1ao9s8h esuyzwwr f1sip0of lzcic4wl py34i1dx gpro0wi8\" tabindex=\"0\" role=\"link\" href=\"https:\/\/cutt.ly\/3TybDWH?fbclid=IwAR1tUr5_QPm3g9FWttgKQI0SHPYlHrX2zbhxvoshNnGcqd_oF_UwuxTOUY0\" target=\"_blank\" rel=\"nofollow noopener\">https:\/\/cutt.ly\/3TybDWH<\/a><\/strong><\/div>\n<\/div>\n","protected":false},"excerpt":{"rendered":"<p>ZINEGOAK: proyecci\u00f3n de cortometrajes que unen cine, cultura y diversidad En el marco del D\u00eda Internacional contra la LGTBI+fobia. Cada vez es m\u00e1s frecuente que pel\u00edculas con contenidos LGTBIQ+ lleguen a los cines comerciales, pero no ocurre lo mismo con los cortometrajes y documentales. Se trata de difundir el modelo de diversidad a trav\u00e9s de [&hellip;]<\/p>\n","protected":false},"author":3,"featured_media":0,"parent":13410,"menu_order":11,"comment_status":"closed","ping_status":"closed","template":"","meta":{"_exactmetrics_skip_tracking":false,"_exactmetrics_sitenote_active":false,"_exactmetrics_sitenote_note":"","_exactmetrics_sitenote_category":0,"footnotes":""},"class_list":["post-16943","page","type-page","status-publish","hentry"],"_links":{"self":[{"href":"https:\/\/www.baztan.eus\/es\/wp-json\/wp\/v2\/pages\/16943","targetHints":{"allow":["GET"]}}],"collection":[{"href":"https:\/\/www.baztan.eus\/es\/wp-json\/wp\/v2\/pages"}],"about":[{"href":"https:\/\/www.baztan.eus\/es\/wp-json\/wp\/v2\/types\/page"}],"author":[{"embeddable":true,"href":"https:\/\/www.baztan.eus\/es\/wp-json\/wp\/v2\/users\/3"}],"replies":[{"embeddable":true,"href":"https:\/\/www.baztan.eus\/es\/wp-json\/wp\/v2\/comments?post=16943"}],"version-history":[{"count":20,"href":"https:\/\/www.baztan.eus\/es\/wp-json\/wp\/v2\/pages\/16943\/revisions"}],"predecessor-version":[{"id":20816,"href":"https:\/\/www.baztan.eus\/es\/wp-json\/wp\/v2\/pages\/16943\/revisions\/20816"}],"up":[{"embeddable":true,"href":"https:\/\/www.baztan.eus\/es\/wp-json\/wp\/v2\/pages\/13410"}],"wp:attachment":[{"href":"https:\/\/www.baztan.eus\/es\/wp-json\/wp\/v2\/media?parent=16943"}],"curies":[{"name":"wp","href":"https:\/\/api.w.org\/{rel}","templated":true}]}}